{"id":14220,"date":"2017-05-28T18:16:50","date_gmt":"2017-05-28T16:16:50","guid":{"rendered":"http:\/\/www.liegenatation.be\/Web\/?page_id=14220"},"modified":"2021-08-06T12:07:11","modified_gmt":"2021-08-06T10:07:11","slug":"aquabike-aquagym","status":"publish","type":"page","link":"http:\/\/www.liegenatation.be\/Web\/aquabike-aquagym\/","title":{"rendered":"Crit\u00e9rium estival belge de natation"},"content":{"rendered":"<div><span style=\"background-color: #00ff00;\">R\u00e9sultats des finales 30-31 juillet et 1 aout Anvers<\/span><\/div>\n<div><iframe src=\"\/\/docs.google.com\/viewer?url=http%3A%2F%2Fwww.liegenatation.be%2FWeb%2Fwp-content%2Fuploads%2F2021%2F08%2FUitslag-Belgian-Summer-Festival-2021-long-distance.pdf&hl=fr&embedded=true\" class=\"gde-frame\" style=\"width:100%; height:500px; border: none;\" scrolling=\"no\"><\/iframe>\n<p class=\"gde-text\"><a href=\"http:\/\/www.liegenatation.be\/Web\/wp-content\/uploads\/2021\/08\/Uitslag-Belgian-Summer-Festival-2021-long-distance.pdf\" class=\"gde-link\">T\u00e9l\u00e9charger (PDF, 464KB)<\/a><\/p><\/div>\n<div><iframe src=\"\/\/docs.google.com\/viewer?url=http%3A%2F%2Fwww.liegenatation.be%2FWeb%2Fwp-content%2Fuploads%2F2021%2F08%2FUitslag-Belgian-Summer-Festival-2021.pdf&hl=fr&embedded=true\" class=\"gde-frame\" style=\"width:100%; height:500px; border: none;\" scrolling=\"no\"><\/iframe>\n<p class=\"gde-text\"><a href=\"http:\/\/www.liegenatation.be\/Web\/wp-content\/uploads\/2021\/08\/Uitslag-Belgian-Summer-Festival-2021.pdf\" class=\"gde-link\">T\u00e9l\u00e9charger (PDF, 1.07Mo)<\/a><\/p><\/div>\n<div>&nbsp;<\/div>\n<div>&nbsp;<\/div>\n<div><strong><span style=\"background-color: #00ffff;\">R\u00e9sultats de la seconde et derni\u00e8re session de ce samedi 24 juillet :<\/span><\/strong><\/div>\n<div><strong><span style=\"background-color: #00ffff;\">Merci \u00e0 tous pour votre participation. Bonne chance aux futurs qualifi\u00e9s et bonnes vacances \u00e0 tous.<\/span><\/strong><\/div>\n<div>&nbsp;<\/div>\n<div><iframe src=\"\/\/docs.google.com\/viewer?url=http%3A%2F%2Fwww.liegenatation.be%2FWeb%2Fwp-content%2Fuploads%2F2021%2F07%2Fresultats-samedi-24-PM.pdf&hl=fr&embedded=true\" class=\"gde-frame\" style=\"width:100%; height:500px; border: none;\" scrolling=\"no\"><\/iframe>\n<p class=\"gde-text\"><a href=\"http:\/\/www.liegenatation.be\/Web\/wp-content\/uploads\/2021\/07\/resultats-samedi-24-PM.pdf\" class=\"gde-link\">T\u00e9l\u00e9charger (PDF, 42KB)<\/a><\/p><\/div>\n<div>&nbsp;<\/div>\n<div><span style=\"background-color: #f6ff00;\">R\u00e9sultats de la premi\u00e8re session de ce samedi 24 juillet :<\/span><\/div>\n<div>&nbsp;<\/div>\n<div><iframe src=\"\/\/docs.google.com\/viewer?url=http%3A%2F%2Fwww.liegenatation.be%2FWeb%2Fwp-content%2Fuploads%2F2021%2F07%2Fresultats-samedi-24-AM-1.pdf&hl=fr&embedded=true\" class=\"gde-frame\" style=\"width:100%; height:500px; border: none;\" scrolling=\"no\"><\/iframe>\n<p class=\"gde-text\"><a href=\"http:\/\/www.liegenatation.be\/Web\/wp-content\/uploads\/2021\/07\/resultats-samedi-24-AM-1.pdf\" class=\"gde-link\">T\u00e9l\u00e9charger (PDF, 41KB)<\/a><\/p><\/div>\n<div>&nbsp;<\/div>\n<div><span style=\"background-color: #ffff00;\">Voici le programme de la derni\u00e8re journ\u00e9e (samedi 24 juillet) :<\/span><\/div>\n<div>&nbsp;<\/div>\n<div><iframe src=\"\/\/docs.google.com\/viewer?url=http%3A%2F%2Fwww.liegenatation.be%2FWeb%2Fwp-content%2Fuploads%2F2021%2F07%2Fprogramme-samedi-24-juillet-2021.pdf&hl=fr&embedded=true\" class=\"gde-frame\" style=\"width:100%; height:500px; border: none;\" scrolling=\"no\"><\/iframe>\n<p class=\"gde-text\"><a href=\"http:\/\/www.liegenatation.be\/Web\/wp-content\/uploads\/2021\/07\/programme-samedi-24-juillet-2021.pdf\" class=\"gde-link\">T\u00e9l\u00e9charger (PDF, 36KB)<\/a><\/p><\/div>\n<div>&nbsp;<\/div>\n<div><span style=\"background-color: #00ffff;\">R\u00e9sultats de la seconde session de ce vendredi 23 juillet :<\/span><\/div>\n<div>&nbsp;<\/div>\n<div><iframe src=\"\/\/docs.google.com\/viewer?url=http%3A%2F%2Fwww.liegenatation.be%2FWeb%2Fwp-content%2Fuploads%2F2021%2F07%2Fresultats-vendredi-23-PM.pdf&hl=fr&embedded=true\" class=\"gde-frame\" style=\"width:100%; height:500px; border: none;\" scrolling=\"no\"><\/iframe>\n<p class=\"gde-text\"><a href=\"http:\/\/www.liegenatation.be\/Web\/wp-content\/uploads\/2021\/07\/resultats-vendredi-23-PM.pdf\" class=\"gde-link\">T\u00e9l\u00e9charger (PDF, 37KB)<\/a><\/p><\/div>\n<div>&nbsp;<\/div>\n<div><span style=\"background-color: #00ccff;\">R\u00e9sultats de la premi\u00e8re session de ce vendredi 23 juillet :<\/span><\/div>\n<div>&nbsp;<\/div>\n<div><span style=\"background-color: #99ccff;\"><iframe src=\"\/\/docs.google.com\/viewer?url=http%3A%2F%2Fwww.liegenatation.be%2FWeb%2Fwp-content%2Fuploads%2F2021%2F07%2Fresultats-vendredi-23-AM.pdf&hl=fr&embedded=true\" class=\"gde-frame\" style=\"width:100%; height:500px; border: none;\" scrolling=\"no\"><\/iframe>\n<p class=\"gde-text\"><a href=\"http:\/\/www.liegenatation.be\/Web\/wp-content\/uploads\/2021\/07\/resultats-vendredi-23-AM.pdf\" class=\"gde-link\">T\u00e9l\u00e9charger (PDF, 35KB)<\/a><\/p><\/span><\/div>\n<div>&nbsp;<\/div>\n<div><span style=\"background-color: #99ccff;\">Voici le programme de ce vendredi 23 juillet :<\/span><\/div>\n<div>&nbsp;<\/div>\n<div><iframe src=\"\/\/docs.google.com\/viewer?url=http%3A%2F%2Fwww.liegenatation.be%2FWeb%2Fwp-content%2Fuploads%2F2021%2F07%2Fprogramme-vendredi-23-juillet-2021.pdf&hl=fr&embedded=true\" class=\"gde-frame\" style=\"width:100%; height:500px; border: none;\" scrolling=\"no\"><\/iframe>\n<p class=\"gde-text\"><a href=\"http:\/\/www.liegenatation.be\/Web\/wp-content\/uploads\/2021\/07\/programme-vendredi-23-juillet-2021.pdf\" class=\"gde-link\">T\u00e9l\u00e9charger (PDF, 42KB)<\/a><\/p><\/div>\n<div>&nbsp;<\/div>\n<div><span style=\"background-color: #ff0000; color: #ffffff;\">R\u00e9sultats de la seconde session de ce jeudi 22 juillet :<\/span><\/div>\n<div>&nbsp;<\/div>\n<div><iframe src=\"\/\/docs.google.com\/viewer?url=http%3A%2F%2Fwww.liegenatation.be%2FWeb%2Fwp-content%2Fuploads%2F2021%2F07%2Fresultats-jeudi-21-PM.pdf&hl=fr&embedded=true\" class=\"gde-frame\" style=\"width:100%; height:500px; border: none;\" scrolling=\"no\"><\/iframe>\n<p class=\"gde-text\"><a href=\"http:\/\/www.liegenatation.be\/Web\/wp-content\/uploads\/2021\/07\/resultats-jeudi-21-PM.pdf\" class=\"gde-link\">T\u00e9l\u00e9charger (PDF, 19KB)<\/a><\/p><\/div>\n<div>&nbsp;<\/div>\n<div><span style=\"background-color: #ff00ff;\">R\u00e9sultats de la premi\u00e8re session de ce jeudi 22 juillet :<\/span><\/div>\n<div>&nbsp;<\/div>\n<div><iframe src=\"\/\/docs.google.com\/viewer?url=http%3A%2F%2Fwww.liegenatation.be%2FWeb%2Fwp-content%2Fuploads%2F2021%2F07%2Fresultats-jeudi-21-AM.pdf&hl=fr&embedded=true\" class=\"gde-frame\" style=\"width:100%; height:500px; border: none;\" scrolling=\"no\"><\/iframe>\n<p class=\"gde-text\"><a href=\"http:\/\/www.liegenatation.be\/Web\/wp-content\/uploads\/2021\/07\/resultats-jeudi-21-AM.pdf\" class=\"gde-link\">T\u00e9l\u00e9charger (PDF, 41KB)<\/a><\/p><\/div>\n<div>&nbsp;<\/div>\n<div>&nbsp;<\/div>\n<div><span style=\"background-color: #ff99cc;\">Voici le programme de la journ\u00e9e de ce jeudi 22 juillet. Pour rappel, vous pouvez suivre les courses en live sur la page facebook de Liege Natation.<\/span><\/div>\n<div><iframe src=\"\/\/docs.google.com\/viewer?url=http%3A%2F%2Fwww.liegenatation.be%2FWeb%2Fwp-content%2Fuploads%2F2021%2F07%2Fprogramme-jeudi-22-juillet-2021.pdf&hl=fr&embedded=true\" class=\"gde-frame\" style=\"width:100%; height:500px; border: none;\" scrolling=\"no\"><\/iframe>\n<p class=\"gde-text\"><a href=\"http:\/\/www.liegenatation.be\/Web\/wp-content\/uploads\/2021\/07\/programme-jeudi-22-juillet-2021.pdf\" class=\"gde-link\">T\u00e9l\u00e9charger (PDF, 40KB)<\/a><\/p><\/div>\n<div>&nbsp;<\/div>\n<div><span style=\"background-color: #ff9900;\">R\u00e9sultats de la seconde session de ce mercredi 21 juillet :<\/span><\/div>\n<div><iframe src=\"\/\/docs.google.com\/viewer?url=http%3A%2F%2Fwww.liegenatation.be%2FWeb%2Fwp-content%2Fuploads%2F2021%2F07%2Fresultats-mercredi-21-PM.pdf&hl=fr&embedded=true\" class=\"gde-frame\" style=\"width:100%; height:500px; border: none;\" scrolling=\"no\"><\/iframe>\n<p class=\"gde-text\"><a href=\"http:\/\/www.liegenatation.be\/Web\/wp-content\/uploads\/2021\/07\/resultats-mercredi-21-PM.pdf\" class=\"gde-link\">T\u00e9l\u00e9charger (PDF, 39KB)<\/a><\/p><\/div>\n<div>&nbsp;<\/div>\n<div><span style=\"background-color: #00ffff;\">R\u00e9sultats de la premi\u00e8re session :<\/span><\/div>\n<div><iframe src=\"\/\/docs.google.com\/viewer?url=http%3A%2F%2Fwww.liegenatation.be%2FWeb%2Fwp-content%2Fuploads%2F2021%2F07%2Fresultats-mercredi-21-AM.pdf&hl=fr&embedded=true\" class=\"gde-frame\" style=\"width:100%; height:500px; border: none;\" scrolling=\"no\"><\/iframe>\n<p class=\"gde-text\"><a href=\"http:\/\/www.liegenatation.be\/Web\/wp-content\/uploads\/2021\/07\/resultats-mercredi-21-AM.pdf\" class=\"gde-link\">T\u00e9l\u00e9charger (PDF, 36KB)<\/a><\/p><\/div>\n<div>&nbsp;<\/div>\n<div>&nbsp;<\/div>\n<div><span style=\"background-color: #00ff00;\">Voici le programme de la journ\u00e9e de ce mercredi 21 juillet :<\/span><\/div>\n<div>&nbsp;<\/div>\n<div><iframe src=\"\/\/docs.google.com\/viewer?url=http%3A%2F%2Fwww.liegenatation.be%2FWeb%2Fwp-content%2Fuploads%2F2021%2F07%2Fprogramme-mercredi-21-juillet-2021-3.pdf&hl=fr&embedded=true\" class=\"gde-frame\" style=\"width:100%; height:500px; border: none;\" scrolling=\"no\"><\/iframe>\n<p class=\"gde-text\"><a href=\"http:\/\/www.liegenatation.be\/Web\/wp-content\/uploads\/2021\/07\/programme-mercredi-21-juillet-2021-3.pdf\" class=\"gde-link\">T\u00e9l\u00e9charger (PDF, 43KB)<\/a><\/p><\/div>\n<div>&nbsp;<\/div>\n<div>&nbsp;<\/div>\n<div>&nbsp;<\/div>\n<div class=\"\" dir=\"auto\">\n<div id=\"jsc_c_d8\" class=\"ecm0bbzt hv4rvrfc ihqw7lf3 dati1w0a\" data-ad-comet-preview=\"message\" data-ad-preview=\"message\">\n<div><span style=\"background-color: #00ffff;\"><strong>Voici les horaires des courses arr\u00eat\u00e9s \u00e0 ce jour ainsi que le planning des \u00e9chauffements.<\/strong><\/span><\/div>\n<\/div>\n<\/div>\n<div><iframe src=\"\/\/docs.google.com\/viewer?url=http%3A%2F%2Fwww.liegenatation.be%2FWeb%2Fwp-content%2Fuploads%2F2021%2F07%2Fhoraire-4-jours.pdf&hl=fr&embedded=true\" class=\"gde-frame\" style=\"width:100%; height:500px; border: none;\" scrolling=\"no\"><\/iframe>\n<p class=\"gde-text\"><a href=\"http:\/\/www.liegenatation.be\/Web\/wp-content\/uploads\/2021\/07\/horaire-4-jours.pdf\" class=\"gde-link\">T\u00e9l\u00e9charger (PDF, 20KB)<\/a><\/p>&nbsp;<\/div>\n<div>&nbsp;<\/div>\n<div>&nbsp;<\/div>\n<div>&nbsp;<\/div>\n<div>&nbsp;<\/div>\n<div class=\"\" dir=\"auto\">\n<div id=\"jsc_c_d8\" class=\"ecm0bbzt hv4rvrfc ihqw7lf3 dati1w0a\" data-ad-comet-preview=\"message\" data-ad-preview=\"message\">\n<div>\n<div><span style=\"color: #ff0000;\"><strong>Attention &#8211; Attention &#8211; Attention &#8211; Attention &#8211; Attention -Attention<\/strong><\/span><\/div>\n<div><span style=\"color: #000000; background-color: #00ff00;\">Suite aux inondations ayant touch\u00e9 la r\u00e9gion li\u00e9geoise et \u00e0 l&#8217;annulation du criterium d&#8217;Embourg , nous accueillons 3 clubs en d\u00e9pannage. Nous ne pourrons malheureusement pas honorer d&#8217;autres demandes par manque de place.&nbsp;&nbsp;<\/span><\/div>\n<div><span style=\"color: #000000; background-color: #00ff00;\"><strong>Les programmes, horaires d&#8217;\u00e9chauffement et la r\u00e9partition des clubs dans les chapiteaux, publi\u00e9s pr\u00e9c\u00e9demment, sont donc soumis \u00e0 modification. <\/strong><\/span><\/div>\n<div><span style=\"color: #000000; background-color: #00ff00;\"><strong>Seul le protocole reste d&#8217;application.<\/strong><\/span><\/div>\n<div><span style=\"color: #ff0000;\"><strong>Les clubs recevront les informations modifi\u00e9es d\u00e8s demain.<\/strong><\/span><\/div>\n<div><span style=\"color: #ff0000;\"><strong>Restez attentif \u00e0 cette page et \u00e0 la page facebook de liege natation<\/strong><\/span><br \/>\n<span style=\"color: #ff0000;\"><strong>Merci de votre compr\u00e9hension<\/strong><\/span><\/div>\n<div>&nbsp;<\/div>\n<div>&nbsp;<\/div>\n<div>&nbsp;<\/div>\n<div>&nbsp;<\/div>\n<div><span style=\"background-color: #00ffff;\">Voici l&#8217;horaire <strong>approximatif<\/strong> des 4 journ\u00e9es<\/span><\/div>\n<\/div>\n<div>&nbsp;<\/div>\n<div><span style=\"background-color: #ffcc00;\"><strong>Echauffements :<\/strong><\/span><\/div>\n<div><span style=\"background-color: #ffcc00;\">de 9h30 \u00e0 10h15 et de 13h30 \u00e0 14h15 pour ENW, LGN, HN, NCH et TAN (saur le vendredi 23)<\/span><\/div>\n<div><span style=\"background-color: #ffcc00;\">de 10h15 \u00e0 11h00 et de 14h15 \u00e0 15h00 pour CNSW, ENLN, ESN, ESP, FLIP, NOC, SCR et TAN (uniquement le vendredi 23)<\/span><\/div>\n<div><iframe src=\"\/\/docs.google.com\/viewer?url=http%3A%2F%2Fwww.liegenatation.be%2FWeb%2Fwp-content%2Fuploads%2F2021%2F07%2Fcriterium-estival-LGN-Horaire-approximatif-au-17-07.pdf&hl=fr&embedded=true\" class=\"gde-frame\" style=\"width:100%; height:500px; border: none;\" scrolling=\"no\"><\/iframe>\n<p class=\"gde-text\"><a href=\"http:\/\/www.liegenatation.be\/Web\/wp-content\/uploads\/2021\/07\/criterium-estival-LGN-Horaire-approximatif-au-17-07.pdf\" class=\"gde-link\">T\u00e9l\u00e9charger (PDF, 19KB)<\/a><\/p><\/div>\n<div>\n<div>&nbsp;<\/div>\n<div><span style=\"background-color: #00ff00;\">Nos deux chapiteaux sont pr\u00eats \u00e0 accueillir les nageurs pendant toute la comp\u00e9tition.<\/span><\/div>\n<div><span style=\"background-color: #00ff00;\">Voici le plan de r\u00e9partition des clubs dans les chapiteaux :<\/span><\/div>\n<div><iframe src=\"\/\/docs.google.com\/viewer?url=http%3A%2F%2Fwww.liegenatation.be%2FWeb%2Fwp-content%2Fuploads%2F2021%2F07%2Fcriterium-estival-LGN-plan-repartition-chapiteaux.pdf&hl=fr&embedded=true\" class=\"gde-frame\" style=\"width:100%; height:500px; border: none;\" scrolling=\"no\"><\/iframe>\n<p class=\"gde-text\"><a href=\"http:\/\/www.liegenatation.be\/Web\/wp-content\/uploads\/2021\/07\/criterium-estival-LGN-plan-repartition-chapiteaux.pdf\" class=\"gde-link\">T\u00e9l\u00e9charger (PDF, 379KB)<\/a><\/p><\/div>\n<div>&nbsp;<\/div>\n<div class=\"default-style\"><span style=\"background-color: #ffff00;\">Voici le protocole relatif \u00e0 la manifestation.<\/span><\/div>\n<div><span style=\"background-color: #ffff00;\">Il concerne toutes les participants (nageurs, officiels, publics,&#8230;)<\/span><\/div>\n<div><span style=\"background-color: #ffff00;\">Merci de bien en prendre connaissance.<\/span><\/div>\n<\/div>\n<div><iframe src=\"\/\/docs.google.com\/viewer?url=http%3A%2F%2Fwww.liegenatation.be%2FWeb%2Fwp-content%2Fuploads%2F2021%2F07%2FProtocole-COVID-criterium-estival.pdf&hl=fr&embedded=true\" class=\"gde-frame\" style=\"width:100%; height:500px; border: none;\" scrolling=\"no\"><\/iframe>\n<p class=\"gde-text\"><a href=\"http:\/\/www.liegenatation.be\/Web\/wp-content\/uploads\/2021\/07\/Protocole-COVID-criterium-estival.pdf\" class=\"gde-link\">T\u00e9l\u00e9charger (PDF, 157KB)<\/a><\/p><\/div>\n<div>\n<div><iframe src=\"\/\/docs.google.com\/viewer?url=http%3A%2F%2Fwww.liegenatation.be%2FWeb%2Fwp-content%2Fuploads%2F2021%2F07%2Fcriterium-estival-LGN-plan-piscine-circulation.pdf&hl=fr&embedded=true\" class=\"gde-frame\" style=\"width:100%; height:500px; border: none;\" scrolling=\"no\"><\/iframe>\n<p class=\"gde-text\"><a href=\"http:\/\/www.liegenatation.be\/Web\/wp-content\/uploads\/2021\/07\/criterium-estival-LGN-plan-piscine-circulation.pdf\" class=\"gde-link\">T\u00e9l\u00e9charger (PDF, 416KB)<\/a><\/p>&nbsp;<\/div>\n<div>&nbsp;<\/div>\n<div>&nbsp;<\/div>\n<div class=\"default-style\"><span style=\"color: #000000; background-color: #00ffff;\"><strong>Suite au retrait de Li\u00e8ge Mosan de l&#8217;organisation du Crit\u00e9rium Estival Belge ce que nous regrettons car nous connaissons toute la pr\u00e9paration d\u00e9j\u00e0 effectu\u00e9e en amont d&#8217;une telle organisation, nous avons encore la possibilit\u00e9 d&#8217;accueillir des nageurs \u00e0 Crisn\u00e9e.<\/strong><\/span><\/div>\n<div class=\"default-style\"><span style=\"color: #000000; background-color: #00ffff;\"><strong>N&#8217;h\u00e9sitez pas \u00e0 envoyer un mail pour recevoir le lenex (liege.natation@skynet.be).<\/strong><\/span><\/div>\n<div class=\"default-style\"><span style=\"color: #000000; background-color: #00ffff;\"><strong>La date limite des inscriptions est report\u00e9e au 15 juillet .<\/strong><\/span><\/div>\n<div class=\"default-style\">&nbsp;<\/div>\n<\/div>\n<div>&nbsp;<\/div>\n<div>&nbsp;<\/div>\n<div class=\"j83agx80 cbu4d94t ew0dbk1b irj2b8pg\">Inscriptions au 2 juillet<\/div>\n<div class=\"j83agx80 cbu4d94t ew0dbk1b irj2b8pg\"><iframe src=\"\/\/docs.google.com\/viewer?url=http%3A%2F%2Fwww.liegenatation.be%2FWeb%2Fwp-content%2Fuploads%2F2021%2F07%2Finscriptions-au-2-juillet-2021.pdf&hl=fr&embedded=true\" class=\"gde-frame\" style=\"width:100%; height:500px; border: none;\" scrolling=\"no\"><\/iframe>\n<p class=\"gde-text\"><a href=\"http:\/\/www.liegenatation.be\/Web\/wp-content\/uploads\/2021\/07\/inscriptions-au-2-juillet-2021.pdf\" class=\"gde-link\">T\u00e9l\u00e9charger (PDF, 7KB)<\/a><\/p><\/div>\n<div>&nbsp;<\/div>\n<div class=\"j83agx80 cbu4d94t ew0dbk1b irj2b8pg\">Voici l&#8217;avant programme que nous avons propos\u00e9 pour le crit\u00e9rium estival belge de natation&#8230;.Nous sommes hyper motiv\u00e9s !<\/div>\n<div class=\"j83agx80 cbu4d94t ew0dbk1b irj2b8pg\">Nous mettons tout en \u0153uvre pour accueillir un maximum de nageurs dans les meilleures conditions !<\/div>\n<div>&nbsp;<\/div>\n<div class=\"j83agx80 cbu4d94t ew0dbk1b irj2b8pg\"><iframe src=\"\/\/docs.google.com\/viewer?url=http%3A%2F%2Fwww.liegenatation.be%2FWeb%2Fwp-content%2Fuploads%2F2021%2F06%2Finvitation-clubs-criterium-estival-21222324juillet-2021.pdf&hl=fr&embedded=true\" class=\"gde-frame\" style=\"width:100%; height:500px; border: none;\" scrolling=\"no\"><\/iframe>\n<p class=\"gde-text\"><a href=\"http:\/\/www.liegenatation.be\/Web\/wp-content\/uploads\/2021\/06\/invitation-clubs-criterium-estival-21222324juillet-2021.pdf\" class=\"gde-link\">T\u00e9l\u00e9charger (PDF, 111KB)<\/a><\/p><\/div>\n<div>Si vous n&#8217;avez pas re\u00e7u le fichier lenex, n&#8217;h\u00e9sitez pas \u00e0 contacter notre secr\u00e9tariat liege.natation@skynet.be<\/div>\n<div>&nbsp;<\/div>\n<div class=\"j83agx80 cbu4d94t ew0dbk1b irj2b8pg\"><strong>Mercredi 21 juillet<\/strong><\/div>\n<div class=\"j83agx80 cbu4d94t ew0dbk1b irj2b8pg\"><iframe src=\"\/\/docs.google.com\/viewer?url=http%3A%2F%2Fwww.liegenatation.be%2FWeb%2Fwp-content%2Fuploads%2F2021%2F06%2Favant-programme-mercredi-21-juillet-2021-Crisnee.pdf&hl=fr&embedded=true\" class=\"gde-frame\" style=\"width:100%; height:500px; border: none;\" scrolling=\"no\"><\/iframe>\n<p class=\"gde-text\"><a href=\"http:\/\/www.liegenatation.be\/Web\/wp-content\/uploads\/2021\/06\/avant-programme-mercredi-21-juillet-2021-Crisnee.pdf\" class=\"gde-link\">T\u00e9l\u00e9charger (PDF, 149KB)<\/a><\/p><\/div>\n<div><strong>Jeudi 22 juillet<\/strong>&nbsp;<\/div>\n<div><iframe src=\"\/\/docs.google.com\/viewer?url=http%3A%2F%2Fwww.liegenatation.be%2FWeb%2Fwp-content%2Fuploads%2F2021%2F06%2Favant-programme-jeudi-22-juillet-2021-Crisnee.pdf&hl=fr&embedded=true\" class=\"gde-frame\" style=\"width:100%; height:500px; border: none;\" scrolling=\"no\"><\/iframe>\n<p class=\"gde-text\"><a href=\"http:\/\/www.liegenatation.be\/Web\/wp-content\/uploads\/2021\/06\/avant-programme-jeudi-22-juillet-2021-Crisnee.pdf\" class=\"gde-link\">T\u00e9l\u00e9charger (PDF, 150KB)<\/a><\/p><\/div>\n<div><strong>Vendredi 23 juillet<\/strong><\/div>\n<div><iframe src=\"\/\/docs.google.com\/viewer?url=http%3A%2F%2Fwww.liegenatation.be%2FWeb%2Fwp-content%2Fuploads%2F2021%2F06%2Favant-programme-vendredi-23-juillet-2021-Crisnee.pdf&hl=fr&embedded=true\" class=\"gde-frame\" style=\"width:100%; height:500px; border: none;\" scrolling=\"no\"><\/iframe>\n<p class=\"gde-text\"><a href=\"http:\/\/www.liegenatation.be\/Web\/wp-content\/uploads\/2021\/06\/avant-programme-vendredi-23-juillet-2021-Crisnee.pdf\" class=\"gde-link\">T\u00e9l\u00e9charger (PDF, 149KB)<\/a><\/p><\/div>\n<div><strong>Samedi 24 juillet<\/strong><\/div>\n<div><iframe src=\"\/\/docs.google.com\/viewer?url=http%3A%2F%2Fwww.liegenatation.be%2FWeb%2Fwp-content%2Fuploads%2F2021%2F06%2Favant-programme-samedi-24-juillet-2021-Crisnee.pdf&hl=fr&embedded=true\" class=\"gde-frame\" style=\"width:100%; height:500px; border: none;\" scrolling=\"no\"><\/iframe>\n<p class=\"gde-text\"><a href=\"http:\/\/www.liegenatation.be\/Web\/wp-content\/uploads\/2021\/06\/avant-programme-samedi-24-juillet-2021-Crisnee.pdf\" class=\"gde-link\">T\u00e9l\u00e9charger (PDF, 149KB)<\/a><\/p><\/div>\n<\/div>\n<\/div>\n<p>&nbsp;<\/p>\n","protected":false},"excerpt":{"rendered":"<p>R\u00e9sultats des finales 30-31 juillet et 1 aout Anvers &nbsp; &nbsp; R\u00e9sultats de la seconde et derni\u00e8re session de ce samedi 24 juillet : Merci \u00e0 tous pour votre participation. &hellip; <\/p>\n<p class=\"link-more\"><a href=\"http:\/\/www.liegenatation.be\/Web\/aquabike-aquagym\/\" class=\"more-link\">Continuer la lecture<span class=\"screen-reader-text\"> de &laquo;&nbsp;Crit\u00e9rium estival belge de natation&nbsp;&raquo;<\/span><\/a><\/p>\n","protected":false},"author":2,"featured_media":0,"parent":0,"menu_order":18,"comment_status":"closed","ping_status":"closed","template":"","meta":{"ngg_post_thumbnail":0,"footnotes":""},"class_list":["post-14220","page","type-page","status-publish","hentry"],"_links":{"self":[{"href":"http:\/\/www.liegenatation.be\/Web\/wp-json\/wp\/v2\/pages\/14220","targetHints":{"allow":["GET"]}}],"collection":[{"href":"http:\/\/www.liegenatation.be\/Web\/wp-json\/wp\/v2\/pages"}],"about":[{"href":"http:\/\/www.liegenatation.be\/Web\/wp-json\/wp\/v2\/types\/page"}],"author":[{"embeddable":true,"href":"http:\/\/www.liegenatation.be\/Web\/wp-json\/wp\/v2\/users\/2"}],"replies":[{"embeddable":true,"href":"http:\/\/www.liegenatation.be\/Web\/wp-json\/wp\/v2\/comments?post=14220"}],"version-history":[{"count":91,"href":"http:\/\/www.liegenatation.be\/Web\/wp-json\/wp\/v2\/pages\/14220\/revisions"}],"predecessor-version":[{"id":17859,"href":"http:\/\/www.liegenatation.be\/Web\/wp-json\/wp\/v2\/pages\/14220\/revisions\/17859"}],"wp:attachment":[{"href":"http:\/\/www.liegenatation.be\/Web\/wp-json\/wp\/v2\/media?parent=14220"}],"curies":[{"name":"wp","href":"https:\/\/api.w.org\/{rel}","templated":true}]}}