{"id":12920,"date":"2016-06-26T12:30:43","date_gmt":"2016-06-26T11:30:43","guid":{"rendered":"http:\/\/www.liegenatation.be\/Web\/?post_type=tribe_events&amp;p=12920"},"modified":"2016-06-26T12:30:43","modified_gmt":"2016-06-26T11:30:43","slug":"stage-dete-lgn-vittel-f","status":"publish","type":"tribe_events","link":"http:\/\/www.liegenatation.be\/Web\/event\/stage-dete-lgn-vittel-f\/","title":{"rendered":"Stage d&#8217;\u00e9t\u00e9 LGN &#8211; Vittel (F)"},"content":{"rendered":"<p><a href=\"http:\/\/www.vittel-sports.eu\/\">http:\/\/www.vittel-sports.eu\/<\/a><\/p>\n<p><a href=\"http:\/\/www.vittel-sports.eu\/\"><img loading=\"lazy\" decoding=\"async\" class=\"alignleft  wp-image-12921\" src=\"http:\/\/www.liegenatation.be\/Web\/wp-content\/uploads\/2016\/06\/logo-cpo.png\" alt=\"logo-cpo\" width=\"220\" height=\"188\" \/><\/a><\/p>\n<h1>Ne pas oublier :<\/h1>\n<ul>\n<li>\n<h2>Carte d&#8217;identit\u00e9<\/h2>\n<\/li>\n<li>\n<h2>Autorisation de quitter la Belgique l\u00e9galis\u00e9e par la commune<\/h2>\n<\/li>\n<li>\n<h2>Carte europ\u00e9enne d&#8217;assurance maladie (mutuelle)<\/h2>\n<\/li>\n<\/ul>\n<p>&nbsp;<\/p>\n","protected":false},"excerpt":{"rendered":"<p>http:\/\/www.vittel-sports.eu\/ Ne pas oublier : Carte d&#8217;identit\u00e9 Autorisation de quitter la Belgique l\u00e9galis\u00e9e par la commune Carte europ\u00e9enne d&#8217;assurance maladie (mutuelle) &nbsp;<\/p>\n","protected":false},"author":2,"featured_media":0,"template":"","meta":{"ngg_post_thumbnail":0,"_tribe_events_status":"","_tribe_events_status_reason":"","footnotes":""},"tags":[],"tribe_events_cat":[],"class_list":["post-12920","tribe_events","type-tribe_events","status-publish","hentry"],"_links":{"self":[{"href":"http:\/\/www.liegenatation.be\/Web\/wp-json\/wp\/v2\/tribe_events\/12920","targetHints":{"allow":["GET"]}}],"collection":[{"href":"http:\/\/www.liegenatation.be\/Web\/wp-json\/wp\/v2\/tribe_events"}],"about":[{"href":"http:\/\/www.liegenatation.be\/Web\/wp-json\/wp\/v2\/types\/tribe_events"}],"author":[{"embeddable":true,"href":"http:\/\/www.liegenatation.be\/Web\/wp-json\/wp\/v2\/users\/2"}],"version-history":[{"count":0,"href":"http:\/\/www.liegenatation.be\/Web\/wp-json\/wp\/v2\/tribe_events\/12920\/revisions"}],"wp:attachment":[{"href":"http:\/\/www.liegenatation.be\/Web\/wp-json\/wp\/v2\/media?parent=12920"}],"wp:term":[{"taxonomy":"post_tag","embeddable":true,"href":"http:\/\/www.liegenatation.be\/Web\/wp-json\/wp\/v2\/tags?post=12920"},{"taxonomy":"tribe_events_cat","embeddable":true,"href":"http:\/\/www.liegenatation.be\/Web\/wp-json\/wp\/v2\/tribe_events_cat?post=12920"}],"curies":[{"name":"wp","href":"https:\/\/api.w.org\/{rel}","templated":true}]}}