{"id":22908,"date":"2025-01-12T21:30:36","date_gmt":"2025-01-12T20:30:36","guid":{"rendered":"https:\/\/www.liegenatation.be\/Web\/?page_id=22908"},"modified":"2026-04-14T01:02:44","modified_gmt":"2026-04-13T23:02:44","slug":"resultats-2025","status":"publish","type":"page","link":"https:\/\/www.liegenatation.be\/Web\/resultats-2025\/","title":{"rendered":"R\u00e9sultats des comp\u00e9titions 2025 et 2026"},"content":{"rendered":"\n<p style=\"font-size:28px\"><mark style=\"background-color:rgba(0, 0, 0, 0)\" class=\"has-inline-color has-vivid-red-color\"><strong>Challenge des non licenci\u00e9s \u00e0 Ans (12\/4)<\/strong><\/mark><\/p>\n\n\n\n<p>La 4e manche du Challenge des non licenci\u00e9s s&#8217;est d\u00e9roul\u00e9e \u00e0 Ans, ce dimanche. Voici les r\u00e9sultats.<\/p>\n\n\n\n<div class=\"wp-block-file\"><a id=\"wp-block-file--media-df5b7b00-265e-4cde-8ea6-e159cda3c9e9\" href=\"https:\/\/www.liegenatation.be\/Web\/wp-content\/uploads\/2026\/04\/Resultats-Challenge-non-licencies-Ans.pdf\" target=\"_blank\" rel=\"noreferrer noopener\"><strong><mark style=\"background-color:rgba(0, 0, 0, 0)\" class=\"has-inline-color has-vivid-cyan-blue-color\">R\u00e9sultats<\/mark><\/strong><\/a><a href=\"https:\/\/www.liegenatation.be\/Web\/wp-content\/uploads\/2026\/04\/Resultats-Challenge-non-licencies-Ans.pdf\" class=\"wp-block-file__button wp-element-button\" download aria-describedby=\"wp-block-file--media-df5b7b00-265e-4cde-8ea6-e159cda3c9e9\">T\u00e9l\u00e9charger<\/a><\/div>\n\n\n\n<p>&nbsp;<\/p>\n\n\n\n<div class=\"wp-block-file\"><a id=\"wp-block-file--media-5db55af5-a0b3-4c40-8652-029882b4f371\" href=\"https:\/\/www.liegenatation.be\/Web\/wp-content\/uploads\/2026\/04\/resultats-LGN-Challenge-non-licencies-a-Ans.pdf\" target=\"_blank\" rel=\"noreferrer noopener\"><strong><mark style=\"background-color:rgba(0, 0, 0, 0)\" class=\"has-inline-color has-vivid-cyan-blue-color\">R\u00e9sultats LGN<\/mark><\/strong><\/a><a href=\"https:\/\/www.liegenatation.be\/Web\/wp-content\/uploads\/2026\/04\/resultats-LGN-Challenge-non-licencies-a-Ans.pdf\" class=\"wp-block-file__button wp-element-button\" download aria-describedby=\"wp-block-file--media-5db55af5-a0b3-4c40-8652-029882b4f371\">T\u00e9l\u00e9charger<\/a><\/div>\n\n\n\n<div style=\"height:50px\" aria-hidden=\"true\" class=\"wp-block-spacer\"><\/div>\n\n\n\n<p style=\"font-size:28px\"><mark style=\"background-color:rgba(0, 0, 0, 0)\" class=\"has-inline-color has-vivid-red-color\"><strong>Sprintcup \u00e0 Hannut-Landen (28\/3)<\/strong><\/mark><\/p>\n\n\n\n<p style=\"font-size:16px\"><mark style=\"background-color:rgba(0, 0, 0, 0)\" class=\"has-inline-color has-black-color\">Le site Plopsaqua de Hannut accueillait la Sprincup ce samedi, une comp\u00e9tition dans laquelle Sylvie Hainaux avait inscrit ses Canetons. Les 2014 du groupe d&#8217;Els Gitsels avaient \u00e9galement fait le d\u00e9placement ainsi que notre jeune sprinteuse maison, Cl\u00e9mence Bajot. Voici les r\u00e9sultats:<\/mark><\/p>\n\n\n\n<div class=\"wp-block-file\"><a id=\"wp-block-file--media-920dc596-4200-4105-a839-95634d6513a9\" href=\"https:\/\/www.liegenatation.be\/Web\/wp-content\/uploads\/2026\/03\/Sprintcup-a-Plopsa.pdf\" target=\"_blank\" rel=\"noreferrer noopener\"><strong><mark style=\"background-color:rgba(0, 0, 0, 0)\" class=\"has-inline-color has-vivid-cyan-blue-color\">R\u00e9sultats<\/mark><\/strong><\/a><a href=\"https:\/\/www.liegenatation.be\/Web\/wp-content\/uploads\/2026\/03\/Sprintcup-a-Plopsa.pdf\" class=\"wp-block-file__button wp-element-button\" download aria-describedby=\"wp-block-file--media-920dc596-4200-4105-a839-95634d6513a9\">T\u00e9l\u00e9charger<\/a><\/div>\n\n\n\n<div class=\"wp-block-file\"><a id=\"wp-block-file--media-2eb083b1-4853-4219-837d-21e1fb48382e\" href=\"https:\/\/www.liegenatation.be\/Web\/wp-content\/uploads\/2026\/03\/Sprintcup-a-Plopsa-resultats-LGN.pdf\" target=\"_blank\" rel=\"noreferrer noopener\"><strong><mark style=\"background-color:rgba(0, 0, 0, 0)\" class=\"has-inline-color has-vivid-cyan-blue-color\">R\u00e9sultats LGN<\/mark><\/strong><\/a><a href=\"https:\/\/www.liegenatation.be\/Web\/wp-content\/uploads\/2026\/03\/Sprintcup-a-Plopsa-resultats-LGN.pdf\" class=\"wp-block-file__button wp-element-button\" download aria-describedby=\"wp-block-file--media-2eb083b1-4853-4219-837d-21e1fb48382e\">T\u00e9l\u00e9charger<\/a><\/div>\n\n\n\n<div style=\"height:50px\" aria-hidden=\"true\" class=\"wp-block-spacer\"><\/div>\n\n\n\n<p style=\"font-size:28px\"><mark style=\"background-color:rgba(0, 0, 0, 0)\" class=\"has-inline-color has-vivid-red-color\"><strong>Flanders \u00e0 Anvers (20-22\/3)<\/strong><\/mark><\/p>\n\n\n\n<p><mark style=\"background-color:rgba(0, 0, 0, 0)\" class=\"has-inline-color has-black-color\">Gros \u00e9v\u00e9nement dans le calendrier de nos nageurs de pointe, les Flanders se d\u00e9roulent ce week-end \u00e0 Anvers. Voici les r\u00e9sultats.<\/mark><\/p>\n\n\n\n<div class=\"wp-block-file\"><a id=\"wp-block-file--media-bddedf3e-0bf1-4cf8-942e-a03ca30f22aa\" href=\"https:\/\/www.liegenatation.be\/Web\/wp-content\/uploads\/2026\/03\/Vendredi-matin.pdf\" target=\"_blank\" rel=\"noreferrer noopener\"><strong><mark style=\"background-color:rgba(0, 0, 0, 0)\" class=\"has-inline-color has-vivid-cyan-blue-color\">Vendredi matin<\/mark><\/strong><\/a><a href=\"https:\/\/www.liegenatation.be\/Web\/wp-content\/uploads\/2026\/03\/Vendredi-matin.pdf\" class=\"wp-block-file__button wp-element-button\" download aria-describedby=\"wp-block-file--media-bddedf3e-0bf1-4cf8-942e-a03ca30f22aa\">T\u00e9l\u00e9charger<\/a><\/div>\n\n\n\n<div class=\"wp-block-file\"><a id=\"wp-block-file--media-a42b268a-2525-438e-84ec-cc346812a0b4\" href=\"https:\/\/www.liegenatation.be\/Web\/wp-content\/uploads\/2026\/03\/Vendredi-apres-midi.pdf\" target=\"_blank\" rel=\"noreferrer noopener\"><strong><mark style=\"background-color:rgba(0, 0, 0, 0)\" class=\"has-inline-color has-vivid-cyan-blue-color\">Vendredi apr\u00e8s-midi<\/mark><\/strong><\/a><a href=\"https:\/\/www.liegenatation.be\/Web\/wp-content\/uploads\/2026\/03\/Vendredi-apres-midi.pdf\" class=\"wp-block-file__button wp-element-button\" download aria-describedby=\"wp-block-file--media-a42b268a-2525-438e-84ec-cc346812a0b4\">T\u00e9l\u00e9charger<\/a><\/div>\n\n\n\n<div class=\"wp-block-file\"><a id=\"wp-block-file--media-35319f94-c01b-4a39-8f8c-9aa9dc6f3c78\" href=\"https:\/\/www.liegenatation.be\/Web\/wp-content\/uploads\/2026\/03\/Samedi-matin-2.pdf\" target=\"_blank\" rel=\"noreferrer noopener\"><strong><mark style=\"background-color:rgba(0, 0, 0, 0)\" class=\"has-inline-color has-vivid-cyan-blue-color\">Samedi matin<\/mark><\/strong><\/a><a href=\"https:\/\/www.liegenatation.be\/Web\/wp-content\/uploads\/2026\/03\/Samedi-matin-2.pdf\" class=\"wp-block-file__button wp-element-button\" download aria-describedby=\"wp-block-file--media-35319f94-c01b-4a39-8f8c-9aa9dc6f3c78\">T\u00e9l\u00e9charger<\/a><\/div>\n\n\n\n<div class=\"wp-block-file\"><a id=\"wp-block-file--media-7b74d539-1a7d-4660-bddf-7c391488d032\" href=\"https:\/\/www.liegenatation.be\/Web\/wp-content\/uploads\/2026\/03\/Samedi-apres-midi-2.pdf\" target=\"_blank\" rel=\"noreferrer noopener\"><strong><mark style=\"background-color:rgba(0, 0, 0, 0)\" class=\"has-inline-color has-vivid-cyan-blue-color\">Samedi apr\u00e8s-midi<\/mark><\/strong><\/a><a href=\"https:\/\/www.liegenatation.be\/Web\/wp-content\/uploads\/2026\/03\/Samedi-apres-midi-2.pdf\" class=\"wp-block-file__button wp-element-button\" download aria-describedby=\"wp-block-file--media-7b74d539-1a7d-4660-bddf-7c391488d032\">T\u00e9l\u00e9charger<\/a><\/div>\n\n\n\n<div class=\"wp-block-file\"><a id=\"wp-block-file--media-a19fd3e5-5e58-4330-8332-6d48fc73942b\" href=\"https:\/\/www.liegenatation.be\/Web\/wp-content\/uploads\/2026\/03\/Dimanche-matin-2.pdf\" target=\"_blank\" rel=\"noreferrer noopener\"><strong><mark style=\"background-color:rgba(0, 0, 0, 0)\" class=\"has-inline-color has-vivid-cyan-blue-color\">Dimanche matin<\/mark><\/strong><\/a><a href=\"https:\/\/www.liegenatation.be\/Web\/wp-content\/uploads\/2026\/03\/Dimanche-matin-2.pdf\" class=\"wp-block-file__button wp-element-button\" download aria-describedby=\"wp-block-file--media-a19fd3e5-5e58-4330-8332-6d48fc73942b\">T\u00e9l\u00e9charger<\/a><\/div>\n\n\n\n<div class=\"wp-block-file\"><a id=\"wp-block-file--media-1f677b33-59f9-4b07-a381-2502dff1c951\" href=\"https:\/\/www.liegenatation.be\/Web\/wp-content\/uploads\/2026\/03\/Dimanche-apres-midi-2.pdf\" target=\"_blank\" rel=\"noreferrer noopener\"><strong><mark style=\"background-color:rgba(0, 0, 0, 0)\" class=\"has-inline-color has-vivid-cyan-blue-color\">Dimanche apr\u00e8s-midi<\/mark><\/strong><\/a><a href=\"https:\/\/www.liegenatation.be\/Web\/wp-content\/uploads\/2026\/03\/Dimanche-apres-midi-2.pdf\" class=\"wp-block-file__button wp-element-button\" download aria-describedby=\"wp-block-file--media-1f677b33-59f9-4b07-a381-2502dff1c951\">T\u00e9l\u00e9charger<\/a><\/div>\n\n\n\n<p><\/p>\n\n\n\n<div class=\"wp-block-file\"><a id=\"wp-block-file--media-fbf80e1d-91f2-46c0-b919-bb364486c698\" href=\"https:\/\/www.liegenatation.be\/Web\/wp-content\/uploads\/2026\/03\/FSC_2026_resultats-LGN.pdf\" target=\"_blank\" rel=\"noreferrer noopener\"><strong><mark style=\"background-color:rgba(0, 0, 0, 0)\" class=\"has-inline-color has-vivid-cyan-blue-color\">R\u00e9sultats LGN<\/mark><\/strong><\/a><a href=\"https:\/\/www.liegenatation.be\/Web\/wp-content\/uploads\/2026\/03\/FSC_2026_resultats-LGN.pdf\" class=\"wp-block-file__button wp-element-button\" download aria-describedby=\"wp-block-file--media-fbf80e1d-91f2-46c0-b919-bb364486c698\">T\u00e9l\u00e9charger<\/a><\/div>\n\n\n\n<div style=\"height:50px\" aria-hidden=\"true\" class=\"wp-block-spacer\"><\/div>\n\n\n\n<p style=\"font-size:28px\"><mark style=\"background-color:rgba(0, 0, 0, 0)\" class=\"has-inline-color has-vivid-red-color\"><strong>Grand Prix de la Ville de Seraing (20-22\/3)<\/strong><\/mark><\/p>\n\n\n\n<p><mark style=\"background-color:rgba(0, 0, 0, 0)\" class=\"has-inline-color has-black-color\">10 nageurs n\u00e9es entre 2010 et 2015 plus Thomas Courbois ont rendez-vous ce week-end \u00e0 Seraing pour le Grand Prix de la Ville. Vous trouverez leurs r\u00e9sultats ci-dessous.<\/mark><\/p>\n\n\n\n<div class=\"wp-block-file\"><a id=\"wp-block-file--media-86340154-85bc-4c28-8396-6a9913ffccc6\" href=\"https:\/\/www.liegenatation.be\/Web\/wp-content\/uploads\/2026\/03\/Vendredi-1.pdf\" target=\"_blank\" rel=\"noreferrer noopener\"><strong><mark style=\"background-color:rgba(0, 0, 0, 0)\" class=\"has-inline-color has-vivid-cyan-blue-color\">Vendredi<\/mark><\/strong><\/a><a href=\"https:\/\/www.liegenatation.be\/Web\/wp-content\/uploads\/2026\/03\/Vendredi-1.pdf\" class=\"wp-block-file__button wp-element-button\" download aria-describedby=\"wp-block-file--media-86340154-85bc-4c28-8396-6a9913ffccc6\">T\u00e9l\u00e9charger<\/a><\/div>\n\n\n\n<div class=\"wp-block-file\"><a id=\"wp-block-file--media-734da795-073a-4edf-ac08-34b33a28b25c\" href=\"https:\/\/www.liegenatation.be\/Web\/wp-content\/uploads\/2026\/03\/Samedi-matin-1.pdf\" target=\"_blank\" rel=\"noreferrer noopener\"><strong><mark style=\"background-color:rgba(0, 0, 0, 0)\" class=\"has-inline-color has-vivid-cyan-blue-color\">Samedi matin<\/mark><\/strong><\/a><a href=\"https:\/\/www.liegenatation.be\/Web\/wp-content\/uploads\/2026\/03\/Samedi-matin-1.pdf\" class=\"wp-block-file__button wp-element-button\" download aria-describedby=\"wp-block-file--media-734da795-073a-4edf-ac08-34b33a28b25c\">T\u00e9l\u00e9charger<\/a><\/div>\n\n\n\n<div class=\"wp-block-file\"><a id=\"wp-block-file--media-ec6d6ddc-b8f9-4784-a3e8-93a064857fab\" href=\"https:\/\/www.liegenatation.be\/Web\/wp-content\/uploads\/2026\/03\/Samedi-apres-midi-1.pdf\" target=\"_blank\" rel=\"noreferrer noopener\"><strong><mark style=\"background-color:rgba(0, 0, 0, 0)\" class=\"has-inline-color has-vivid-cyan-blue-color\">Samedi apr\u00e8s-midi<\/mark><\/strong><\/a><a href=\"https:\/\/www.liegenatation.be\/Web\/wp-content\/uploads\/2026\/03\/Samedi-apres-midi-1.pdf\" class=\"wp-block-file__button wp-element-button\" download aria-describedby=\"wp-block-file--media-ec6d6ddc-b8f9-4784-a3e8-93a064857fab\">T\u00e9l\u00e9charger<\/a><\/div>\n\n\n\n<div class=\"wp-block-file\"><a id=\"wp-block-file--media-eb12a7dd-9e6a-4259-b296-a0b639acc210\" href=\"https:\/\/www.liegenatation.be\/Web\/wp-content\/uploads\/2026\/03\/Dimanche-matin-1.pdf\" target=\"_blank\" rel=\"noreferrer noopener\"><strong><mark style=\"background-color:rgba(0, 0, 0, 0)\" class=\"has-inline-color has-vivid-cyan-blue-color\">Dimanche matin<\/mark><\/strong><\/a><a href=\"https:\/\/www.liegenatation.be\/Web\/wp-content\/uploads\/2026\/03\/Dimanche-matin-1.pdf\" class=\"wp-block-file__button wp-element-button\" download aria-describedby=\"wp-block-file--media-eb12a7dd-9e6a-4259-b296-a0b639acc210\">T\u00e9l\u00e9charger<\/a><\/div>\n\n\n\n<div class=\"wp-block-file\"><a id=\"wp-block-file--media-c8ebfc8d-62eb-41a2-ad2e-fa084cc68d91\" href=\"https:\/\/www.liegenatation.be\/Web\/wp-content\/uploads\/2026\/03\/Dimanche-apres-midi-1.pdf\" target=\"_blank\" rel=\"noreferrer noopener\"><strong><mark style=\"background-color:rgba(0, 0, 0, 0)\" class=\"has-inline-color has-vivid-cyan-blue-color\">Dimanche apr\u00e8s-midi<\/mark><\/strong><\/a><a href=\"https:\/\/www.liegenatation.be\/Web\/wp-content\/uploads\/2026\/03\/Dimanche-apres-midi-1.pdf\" class=\"wp-block-file__button wp-element-button\" download aria-describedby=\"wp-block-file--media-c8ebfc8d-62eb-41a2-ad2e-fa084cc68d91\">T\u00e9l\u00e9charger<\/a><\/div>\n\n\n\n<div class=\"wp-block-file\"><a id=\"wp-block-file--media-6f7f6c6b-f3d7-4c7f-b8c1-4a3d7f4fe93b\" href=\"https:\/\/www.liegenatation.be\/Web\/wp-content\/uploads\/2026\/03\/resultats-GPVSeraing-LGN.pdf\" target=\"_blank\" rel=\"noreferrer noopener\"><strong><mark style=\"background-color:rgba(0, 0, 0, 0)\" class=\"has-inline-color has-vivid-cyan-blue-color\">R\u00e9sultats  LGN<\/mark><\/strong><\/a><a href=\"https:\/\/www.liegenatation.be\/Web\/wp-content\/uploads\/2026\/03\/resultats-GPVSeraing-LGN.pdf\" class=\"wp-block-file__button wp-element-button\" download aria-describedby=\"wp-block-file--media-6f7f6c6b-f3d7-4c7f-b8c1-4a3d7f4fe93b\">T\u00e9l\u00e9charger<\/a><\/div>\n\n\n\n<p>&nbsp;<\/p>\n\n\n\n<div style=\"height:50px\" aria-hidden=\"true\" class=\"wp-block-spacer\"><\/div>\n\n\n\n<p style=\"font-size:28px\"><strong><mark style=\"background-color: rgba(0, 0, 0, 0);\" class=\"has-inline-color has-vivid-red-color\">CIJ Meet \u00e0 Luxembourg (13-15\/3)<\/mark><\/strong><\/p>\n\n\n\n<p>Une comp\u00e9tition internationale \u00e0 Luxembourg figurait au programme de nos nageurs en ce week-end. L&#8217;occasion id\u00e9ale de peaufiner la pr\u00e9paration avant les Flanders. Une partie de notre groupe \u00e9taient s\u00e9lectionn\u00e9s par la F\u00e9d\u00e9ration, l&#8217;autre partie \u00e9voluait sous nos couleurs.<\/p>\n\n\n\n<p>Voici les r\u00e9sultats:<\/p>\n\n\n\n<div class=\"wp-block-file\"><a id=\"wp-block-file--media-39999a4b-263c-4762-b2bb-77e63f0197c5\" href=\"https:\/\/www.liegenatation.be\/Web\/wp-content\/uploads\/2026\/03\/Vendredi.pdf\" target=\"_blank\" rel=\"noreferrer noopener\"><strong><mark style=\"background-color:rgba(0, 0, 0, 0)\" class=\"has-inline-color has-vivid-cyan-blue-color\">Vendredi<\/mark><\/strong><\/a><a href=\"https:\/\/www.liegenatation.be\/Web\/wp-content\/uploads\/2026\/03\/Vendredi.pdf\" class=\"wp-block-file__button wp-element-button\" download aria-describedby=\"wp-block-file--media-39999a4b-263c-4762-b2bb-77e63f0197c5\">T\u00e9l\u00e9charger<\/a><\/div>\n\n\n\n<div class=\"wp-block-file\"><a id=\"wp-block-file--media-57d26d4b-0a19-4a44-988b-929aba05d499\" href=\"https:\/\/www.liegenatation.be\/Web\/wp-content\/uploads\/2026\/03\/Samedi-matin.pdf\" target=\"_blank\" rel=\"noreferrer noopener\"><strong><mark style=\"background-color:rgba(0, 0, 0, 0)\" class=\"has-inline-color has-vivid-cyan-blue-color\">Samedi matin<\/mark><\/strong><\/a><a href=\"https:\/\/www.liegenatation.be\/Web\/wp-content\/uploads\/2026\/03\/Samedi-matin.pdf\" class=\"wp-block-file__button wp-element-button\" download aria-describedby=\"wp-block-file--media-57d26d4b-0a19-4a44-988b-929aba05d499\">T\u00e9l\u00e9charger<\/a><\/div>\n\n\n\n<div class=\"wp-block-file\"><a id=\"wp-block-file--media-6c1ed262-fba8-4a15-b24e-af3a66ae857c\" href=\"https:\/\/www.liegenatation.be\/Web\/wp-content\/uploads\/2026\/03\/Samedi-apres-midi1.pdf\" target=\"_blank\" rel=\"noreferrer noopener\"><strong><mark style=\"background-color:rgba(0, 0, 0, 0)\" class=\"has-inline-color has-vivid-cyan-blue-color\">Samedi apr\u00e8s-midi<\/mark><\/strong><\/a><a href=\"https:\/\/www.liegenatation.be\/Web\/wp-content\/uploads\/2026\/03\/Samedi-apres-midi1.pdf\" class=\"wp-block-file__button wp-element-button\" download aria-describedby=\"wp-block-file--media-6c1ed262-fba8-4a15-b24e-af3a66ae857c\">T\u00e9l\u00e9charger<\/a><\/div>\n\n\n\n<div class=\"wp-block-file\"><a id=\"wp-block-file--media-fb31e888-5a3b-45d9-bc86-dd32991b3cae\" href=\"https:\/\/www.liegenatation.be\/Web\/wp-content\/uploads\/2026\/03\/Dimanche-matin.pdf\" target=\"_blank\" rel=\"noreferrer noopener\"><strong><mark style=\"background-color:rgba(0, 0, 0, 0)\" class=\"has-inline-color has-vivid-cyan-blue-color\">Dimanche matin<\/mark><\/strong><\/a><a href=\"https:\/\/www.liegenatation.be\/Web\/wp-content\/uploads\/2026\/03\/Dimanche-matin.pdf\" class=\"wp-block-file__button wp-element-button\" download aria-describedby=\"wp-block-file--media-fb31e888-5a3b-45d9-bc86-dd32991b3cae\">T\u00e9l\u00e9charger<\/a><\/div>\n\n\n\n<div class=\"wp-block-file\"><a id=\"wp-block-file--media-bed588fe-0669-4d88-a60f-544ef0cc285c\" href=\"https:\/\/www.liegenatation.be\/Web\/wp-content\/uploads\/2026\/03\/Dimanche-apres-midi.pdf\" target=\"_blank\" rel=\"noreferrer noopener\"><strong><mark style=\"background-color:rgba(0, 0, 0, 0)\" class=\"has-inline-color has-vivid-cyan-blue-color\">Dimanche apr\u00e8s-midi<\/mark><\/strong><\/a><a href=\"https:\/\/www.liegenatation.be\/Web\/wp-content\/uploads\/2026\/03\/Dimanche-apres-midi.pdf\" class=\"wp-block-file__button wp-element-button\" download aria-describedby=\"wp-block-file--media-bed588fe-0669-4d88-a60f-544ef0cc285c\">T\u00e9l\u00e9charger<\/a><\/div>\n\n\n\n<div class=\"wp-block-file\"><a id=\"wp-block-file--media-339437fc-4144-4f31-8c58-bf219a86aede\" href=\"https:\/\/www.liegenatation.be\/Web\/wp-content\/uploads\/2026\/03\/resultats-CIJ-Meet-13-15-mars-2026.pdf\" target=\"_blank\" rel=\"noreferrer noopener\"><strong><mark style=\"background-color:rgba(0, 0, 0, 0)\" class=\"has-inline-color has-vivid-cyan-blue-color\">R\u00e9sultats LGN<\/mark><\/strong><\/a><a href=\"https:\/\/www.liegenatation.be\/Web\/wp-content\/uploads\/2026\/03\/resultats-CIJ-Meet-13-15-mars-2026.pdf\" class=\"wp-block-file__button wp-element-button\" download aria-describedby=\"wp-block-file--media-339437fc-4144-4f31-8c58-bf219a86aede\">T\u00e9l\u00e9charger<\/a><\/div>\n\n\n\n<div style=\"height:50px\" aria-hidden=\"true\" class=\"wp-block-spacer\"><\/div>\n\n\n\n<p style=\"font-size:28px\"><mark style=\"background-color:rgba(0, 0, 0, 0)\" class=\"has-inline-color has-vivid-red-color\"><strong>LAQUA Crit\u00e9rium \u00e0 Louvain (22\/2)<\/strong><\/mark><\/p>\n\n\n\n<p style=\"font-size:16px\"><mark style=\"background-color:rgba(0, 0, 0, 0)\" class=\"has-inline-color has-black-color\">Sylvie Hainaux avait emmen\u00e9 7 de ses nageurs \u00e0 Louvain le week-end dernier. Une belle occasion de se mesurer aux athl\u00e8tes n\u00e9erlandophones et de d\u00e9couvrir des installations incomparables avec celles qu&#8217;ils ont l&#8217;habitude de fr\u00e9quenter.<\/mark><\/p>\n\n\n\n<p>Voici les r\u00e9sultats:<\/p>\n\n\n\n<div class=\"wp-block-file\"><a id=\"wp-block-file--media-096332ae-13ff-4fd0-97ff-336497edcf3a\" href=\"https:\/\/www.liegenatation.be\/Web\/wp-content\/uploads\/2026\/02\/LAQUA-CRITERIUM-260222-Resultaten.pdf\" target=\"_blank\" rel=\"noreferrer noopener\"><strong><mark style=\"background-color:rgba(0, 0, 0, 0)\" class=\"has-inline-color has-vivid-cyan-blue-color\">Dimanche matin<\/mark><\/strong><\/a><a href=\"https:\/\/www.liegenatation.be\/Web\/wp-content\/uploads\/2026\/02\/LAQUA-CRITERIUM-260222-Resultaten.pdf\" class=\"wp-block-file__button wp-element-button\" download aria-describedby=\"wp-block-file--media-096332ae-13ff-4fd0-97ff-336497edcf3a\">T\u00e9l\u00e9charger<\/a><\/div>\n\n\n\n<p>&nbsp;<\/p>\n\n\n\n<div class=\"wp-block-file\"><a id=\"wp-block-file--media-b817ce95-d1c9-4bed-a845-d6aca62fb126\" href=\"https:\/\/www.liegenatation.be\/Web\/wp-content\/uploads\/2026\/02\/LAQUA-CVB-260222-Resultaten.pdf\" target=\"_blank\" rel=\"noreferrer noopener\"><strong><mark style=\"background-color:rgba(0, 0, 0, 0)\" class=\"has-inline-color has-vivid-cyan-blue-color\">Dimanche  apr\u00e8s-midi<\/mark><\/strong><\/a><a href=\"https:\/\/www.liegenatation.be\/Web\/wp-content\/uploads\/2026\/02\/LAQUA-CVB-260222-Resultaten.pdf\" class=\"wp-block-file__button wp-element-button\" download aria-describedby=\"wp-block-file--media-b817ce95-d1c9-4bed-a845-d6aca62fb126\">T\u00e9l\u00e9charger<\/a><\/div>\n\n\n\n<div style=\"height:50px\" aria-hidden=\"true\" class=\"wp-block-spacer\"><\/div>\n\n\n\n<p style=\"font-size: 28px;\"><strong><mark class=\"has-inline-color has-vivid-red-color\" style=\"background-color: rgba(0, 0, 0, 0);\">Championnats FFBN Open \u00e0 Charleroi (14 et 15\/2)<\/mark><\/strong><\/p>\n\n\n\n<p><mark style=\"background-color: rgba(0, 0, 0, 0)\" class=\"has-inline-color has-black-color\">Les vacances de carnaval d\u00e9butaient par les Championnats Francophones Open pour nos \u00e9tudiants-nageurs.<\/mark><\/p>\n\n\n\n<p><mark style=\"background-color: rgba(0, 0, 0, 0)\" class=\"has-inline-color has-black-color\">Et nous avons vu de tr\u00e8s belles choses&#8230;<\/mark><\/p>\n\n\n\n<div class=\"wp-block-file\"><a id=\"wp-block-file--media-d5833434-f5f5-4a9d-92f7-e8aef2c7bef0\" href=\"https:\/\/www.liegenatation.be\/Web\/wp-content\/uploads\/2026\/02\/Samedi-matin.pdf\" target=\"_blank\" rel=\"noreferrer noopener\"><strong><mark style=\"background-color:rgba(0, 0, 0, 0)\" class=\"has-inline-color has-vivid-cyan-blue-color\">Samedi matin<\/mark><\/strong><\/a><a href=\"https:\/\/www.liegenatation.be\/Web\/wp-content\/uploads\/2026\/02\/Samedi-matin.pdf\" class=\"wp-block-file__button wp-element-button\" download aria-describedby=\"wp-block-file--media-d5833434-f5f5-4a9d-92f7-e8aef2c7bef0\">T\u00e9l\u00e9charger<\/a><\/div>\n\n\n\n<div class=\"wp-block-file\"><a id=\"wp-block-file--media-01952b48-928e-4998-b11d-2b109c72cb58\" href=\"https:\/\/www.liegenatation.be\/Web\/wp-content\/uploads\/2026\/02\/Samedi-apres-midi.pdf\" target=\"_blank\" rel=\"noreferrer noopener\"><strong><mark style=\"background-color:rgba(0, 0, 0, 0)\" class=\"has-inline-color has-vivid-cyan-blue-color\">Samedi apr\u00e8s-midi<\/mark><\/strong><\/a><a href=\"https:\/\/www.liegenatation.be\/Web\/wp-content\/uploads\/2026\/02\/Samedi-apres-midi.pdf\" class=\"wp-block-file__button wp-element-button\" download aria-describedby=\"wp-block-file--media-01952b48-928e-4998-b11d-2b109c72cb58\">T\u00e9l\u00e9charger<\/a><\/div>\n\n\n\n<div class=\"wp-block-file\"><a id=\"wp-block-file--media-596dd1ee-62e4-4bed-838d-738a23998150\" href=\"https:\/\/www.liegenatation.be\/Web\/wp-content\/uploads\/2026\/02\/Dimanche-matin.pdf\" target=\"_blank\" rel=\"noreferrer noopener\"><strong><mark style=\"background-color:rgba(0, 0, 0, 0)\" class=\"has-inline-color has-vivid-cyan-blue-color\">Dimanche matin<\/mark><\/strong><\/a><a href=\"https:\/\/www.liegenatation.be\/Web\/wp-content\/uploads\/2026\/02\/Dimanche-matin.pdf\" class=\"wp-block-file__button wp-element-button\" download aria-describedby=\"wp-block-file--media-596dd1ee-62e4-4bed-838d-738a23998150\">T\u00e9l\u00e9charger<\/a><\/div>\n\n\n\n<div class=\"wp-block-file\"><a id=\"wp-block-file--media-4ad17c9a-ff69-4b74-9494-5cc46696ba6c\" href=\"https:\/\/www.liegenatation.be\/Web\/wp-content\/uploads\/2026\/02\/Dimanche-apres-midi.pdf\" target=\"_blank\" rel=\"noreferrer noopener\"><strong><mark style=\"background-color:rgba(0, 0, 0, 0)\" class=\"has-inline-color has-vivid-cyan-blue-color\">Dimanche apr\u00e8s-midi<\/mark><\/strong><\/a><a href=\"https:\/\/www.liegenatation.be\/Web\/wp-content\/uploads\/2026\/02\/Dimanche-apres-midi.pdf\" class=\"wp-block-file__button wp-element-button\" download aria-describedby=\"wp-block-file--media-4ad17c9a-ff69-4b74-9494-5cc46696ba6c\">T\u00e9l\u00e9charger<\/a><\/div>\n\n\n\n<div style=\"height:50px\" aria-hidden=\"true\" class=\"wp-block-spacer\"><\/div>\n\n\n\n<p style=\"font-size:28px\"><strong><mark class=\"has-inline-color has-vivid-red-color\" style=\"background-color: rgba(0, 0, 0, 0);\">Championnats FFBN jeunes \u00e0 La Louvi\u00e8re (7 et 8\/2)<\/mark><\/strong><\/p>\n\n\n\n<p>C&#8217;est \u00e0 La Louvi\u00e8re, en grand bassin, que nos jeunes nageurs ont pu affronter leurs homologues francophones ce week-end. Voici les r\u00e9sultats:<\/p>\n\n\n\n<div class=\"wp-block-file\"><a id=\"wp-block-file--media-a12ded00-30e5-4b6d-b76c-a9ddbba1fc1b\" href=\"https:\/\/www.liegenatation.be\/Web\/wp-content\/uploads\/2026\/02\/Resultats-samedi-matin.pdf\" target=\"_blank\" rel=\"noreferrer noopener\"><strong><mark style=\"background-color:rgba(0, 0, 0, 0)\" class=\"has-inline-color has-vivid-cyan-blue-color\">R\u00e9sultats samedi matin<\/mark><\/strong><\/a><a href=\"https:\/\/www.liegenatation.be\/Web\/wp-content\/uploads\/2026\/02\/Resultats-samedi-matin.pdf\" class=\"wp-block-file__button wp-element-button\" download aria-describedby=\"wp-block-file--media-a12ded00-30e5-4b6d-b76c-a9ddbba1fc1b\">T\u00e9l\u00e9charger<\/a><\/div>\n\n\n\n<div class=\"wp-block-file\"><a id=\"wp-block-file--media-5326d0ab-80e0-4112-ac1b-3a84c8a8b7a8\" href=\"https:\/\/www.liegenatation.be\/Web\/wp-content\/uploads\/2026\/02\/Resultats-samedi-apm.pdf\" target=\"_blank\" rel=\"noreferrer noopener\"><strong><mark style=\"background-color:rgba(0, 0, 0, 0)\" class=\"has-inline-color has-vivid-cyan-blue-color\">R\u00e9sultats samedi apr\u00e8s-midi<\/mark><\/strong><\/a><a href=\"https:\/\/www.liegenatation.be\/Web\/wp-content\/uploads\/2026\/02\/Resultats-samedi-apm.pdf\" class=\"wp-block-file__button wp-element-button\" download aria-describedby=\"wp-block-file--media-5326d0ab-80e0-4112-ac1b-3a84c8a8b7a8\">T\u00e9l\u00e9charger<\/a><\/div>\n\n\n\n<p><\/p>\n\n\n\n<div class=\"wp-block-file\"><a id=\"wp-block-file--media-fb9a6e9a-68b6-4d59-9c5b-0034eeb46d77\" href=\"https:\/\/www.liegenatation.be\/Web\/wp-content\/uploads\/2026\/02\/Resultats-dimanche-matin.pdf\" target=\"_blank\" rel=\"noreferrer noopener\"><strong><mark style=\"background-color:rgba(0, 0, 0, 0)\" class=\"has-inline-color has-vivid-cyan-blue-color\">R\u00e9sultats dimanche matin<\/mark><\/strong><\/a><a href=\"https:\/\/www.liegenatation.be\/Web\/wp-content\/uploads\/2026\/02\/Resultats-dimanche-matin.pdf\" class=\"wp-block-file__button wp-element-button\" download aria-describedby=\"wp-block-file--media-fb9a6e9a-68b6-4d59-9c5b-0034eeb46d77\">T\u00e9l\u00e9charger<\/a><\/div>\n\n\n\n<div class=\"wp-block-file\"><a id=\"wp-block-file--media-d6351899-8d92-46de-a2a5-7f1684f0bd10\" href=\"https:\/\/www.liegenatation.be\/Web\/wp-content\/uploads\/2026\/02\/Resultats-dimanche-apres-midi.pdf\" target=\"_blank\" rel=\"noreferrer noopener\"><strong><mark style=\"background-color:rgba(0, 0, 0, 0)\" class=\"has-inline-color has-vivid-cyan-blue-color\">R\u00e9sultats dimanche apr\u00e8s-midi<\/mark><\/strong><\/a><a href=\"https:\/\/www.liegenatation.be\/Web\/wp-content\/uploads\/2026\/02\/Resultats-dimanche-apres-midi.pdf\" class=\"wp-block-file__button wp-element-button\" download aria-describedby=\"wp-block-file--media-d6351899-8d92-46de-a2a5-7f1684f0bd10\">T\u00e9l\u00e9charger<\/a><\/div>\n\n\n\n<div class=\"wp-block-file\"><a id=\"wp-block-file--media-6e6b4a8c-3ccf-4a33-9428-a1ad7c1a3792\" href=\"https:\/\/www.liegenatation.be\/Web\/wp-content\/uploads\/2026\/02\/resultats-LGN-championnats-francophones-jeunes-La-Louviere-7-8-fevrier.pdf\" target=\"_blank\" rel=\"noreferrer noopener\"><strong><mark style=\"background-color:rgba(0, 0, 0, 0)\" class=\"has-inline-color has-vivid-cyan-blue-color\">R\u00e9sultats LGN<\/mark><\/strong><\/a><a href=\"https:\/\/www.liegenatation.be\/Web\/wp-content\/uploads\/2026\/02\/resultats-LGN-championnats-francophones-jeunes-La-Louviere-7-8-fevrier.pdf\" class=\"wp-block-file__button wp-element-button\" download aria-describedby=\"wp-block-file--media-6e6b4a8c-3ccf-4a33-9428-a1ad7c1a3792\">T\u00e9l\u00e9charger<\/a><\/div>\n\n\n\n<div style=\"height:50px\" aria-hidden=\"true\" class=\"wp-block-spacer\"><\/div>\n\n\n\n<p style=\"font-size: 28px;\"><strong><mark class=\"has-inline-color has-vivid-red-color\" style=\"background-color: rgba(0, 0, 0, 0);\">Challenge des d\u00e9butants \u00e0 Wanze (11\/1\/26)<\/mark><\/strong><\/p>\n\n\n\n<p style=\"font-size:16px\"><mark style=\"background-color: rgba(0, 0, 0, 0)\" class=\"has-inline-color has-black-color\">La 2e manche du Challenge des d\u00e9butants s&#8217;est tenue ce dimanche \u00e0 Wanze. Voici les r\u00e9sultats de l&#8217;apr\u00e8s-midi.<\/mark><\/p>\n\n\n\n<div class=\"wp-block-file\"><a id=\"wp-block-file--media-e1ef076c-c99d-41ff-a279-dc109a7220df\" href=\"https:\/\/www.liegenatation.be\/Web\/wp-content\/uploads\/2026\/01\/Resultats-challenge-des-debutants-Wanze-11-janvier.pdf\" target=\"_blank\" rel=\"noreferrer noopener\"><strong><mark style=\"background-color:rgba(0, 0, 0, 0)\" class=\"has-inline-color has-vivid-cyan-blue-color\">R\u00e9sultats<\/mark><\/strong><\/a><a href=\"https:\/\/www.liegenatation.be\/Web\/wp-content\/uploads\/2026\/01\/Resultats-challenge-des-debutants-Wanze-11-janvier.pdf\" class=\"wp-block-file__button wp-element-button\" download aria-describedby=\"wp-block-file--media-e1ef076c-c99d-41ff-a279-dc109a7220df\">T\u00e9l\u00e9charger<\/a><\/div>\n\n\n\n<div class=\"wp-block-file\"><a id=\"wp-block-file--media-f72399e3-fbd0-4880-8281-575d9d2b5e5e\" href=\"https:\/\/www.liegenatation.be\/Web\/wp-content\/uploads\/2026\/01\/Challenge-debutants-Wanze-resultats-LGN.pdf\" target=\"_blank\" rel=\"noreferrer noopener\"><strong><mark style=\"background-color:rgba(0, 0, 0, 0)\" class=\"has-inline-color has-vivid-cyan-blue-color\">R\u00e9sultats LGN<\/mark><\/strong><\/a><a href=\"https:\/\/www.liegenatation.be\/Web\/wp-content\/uploads\/2026\/01\/Challenge-debutants-Wanze-resultats-LGN.pdf\" class=\"wp-block-file__button wp-element-button\" download aria-describedby=\"wp-block-file--media-f72399e3-fbd0-4880-8281-575d9d2b5e5e\">T\u00e9l\u00e9charger<\/a><\/div>\n\n\n\n<div style=\"height:50px\" aria-hidden=\"true\" class=\"wp-block-spacer\"><\/div>\n\n\n\n<p style=\"font-size:28px\"><strong><mark style=\"background-color:rgba(0, 0, 0, 0)\" class=\"has-inline-color has-vivid-red-color\">NNSHT \u00e0 Charleroi (10-11-1)<\/mark><\/strong><\/p>\n\n\n\n<p style=\"font-size:16px\"><mark style=\"background-color:rgba(0, 0, 0, 0)\" class=\"has-inline-color has-black-color\">Premi\u00e8re comp\u00e9tition de l&#8217;ann\u00e9e pour le groupe d&#8217;Els Gitsels. C&#8217;\u00e9tait ce samedi \u00e0 Charleroi.<\/mark><\/p>\n\n\n\n<div class=\"wp-block-file\"><a id=\"wp-block-file--media-4c1b715b-6e6a-46e6-b583-d7b8f69fa5f9\" href=\"https:\/\/www.liegenatation.be\/Web\/wp-content\/uploads\/2026\/01\/NNSHT-Resultats-janvier-2026.pdf\" target=\"_blank\" rel=\"noreferrer noopener\"><strong><mark style=\"background-color:rgba(0, 0, 0, 0)\" class=\"has-inline-color has-vivid-cyan-blue-color\">R\u00e9sultats<\/mark><\/strong><\/a><a href=\"https:\/\/www.liegenatation.be\/Web\/wp-content\/uploads\/2026\/01\/NNSHT-Resultats-janvier-2026.pdf\" class=\"wp-block-file__button wp-element-button\" download aria-describedby=\"wp-block-file--media-4c1b715b-6e6a-46e6-b583-d7b8f69fa5f9\">T\u00e9l\u00e9charger<\/a><\/div>\n\n\n\n<div class=\"wp-block-file\"><a id=\"wp-block-file--media-2b2729e1-3893-4286-a6d7-5c9196964c4a\" href=\"https:\/\/www.liegenatation.be\/Web\/wp-content\/uploads\/2026\/01\/NNSHT-resultats-LGN.pdf\" target=\"_blank\" rel=\"noreferrer noopener\"><strong><mark style=\"background-color:rgba(0, 0, 0, 0)\" class=\"has-inline-color has-vivid-cyan-blue-color\">R\u00e9sultats LGN<\/mark><\/strong><\/a><a href=\"https:\/\/www.liegenatation.be\/Web\/wp-content\/uploads\/2026\/01\/NNSHT-resultats-LGN.pdf\" class=\"wp-block-file__button wp-element-button\" download aria-describedby=\"wp-block-file--media-2b2729e1-3893-4286-a6d7-5c9196964c4a\">T\u00e9l\u00e9charger<\/a><\/div>\n\n\n\n<div style=\"height:50px\" aria-hidden=\"true\" class=\"wp-block-spacer\"><\/div>\n\n\n\n<p style=\"font-size:28px\"><strong><mark class=\"has-inline-color has-vivid-red-color\" style=\"background-color: rgba(0, 0, 0, 0);\">Challenge des d\u00e9butants \u00e0 Crisn\u00e9e (30\/11)<\/mark><\/strong><\/p>\n\n\n\n<p><mark style=\"background-color: rgba(0, 0, 0, 0)\" class=\"has-inline-color has-black-color\">La premi\u00e8re manche du Challenge des non-licenci\u00e9s 2025-26 s&#8217;est d\u00e9roul\u00e9e ce dimanche apr\u00e8s-midi \u00e0 Crisn\u00e9e. Voici les r\u00e9sultats:&nbsp;<\/mark><\/p>\n\n\n\n<div class=\"wp-block-file\"><a id=\"wp-block-file--media-0bbf5854-7b87-4021-b287-c9fc8282ed76\" href=\"https:\/\/www.liegenatation.be\/Web\/wp-content\/uploads\/2025\/11\/resultats-du-challenge-non-licencies-30-novembre-premiere-manche.pdf\" target=\"_blank\" rel=\"noreferrer noopener\"><strong><mark style=\"background-color:rgba(0, 0, 0, 0)\" class=\"has-inline-color has-vivid-cyan-blue-color\">R\u00e9sultats<\/mark><\/strong><\/a><a href=\"https:\/\/www.liegenatation.be\/Web\/wp-content\/uploads\/2025\/11\/resultats-du-challenge-non-licencies-30-novembre-premiere-manche.pdf\" class=\"wp-block-file__button wp-element-button\" download aria-describedby=\"wp-block-file--media-0bbf5854-7b87-4021-b287-c9fc8282ed76\">T\u00e9l\u00e9charger<\/a><\/div>\n\n\n\n<div style=\"height:50px\" aria-hidden=\"true\" class=\"wp-block-spacer\"><\/div>\n\n\n\n<p style=\"font-size:28px\"><strong><mark class=\"has-inline-color has-vivid-red-color\" style=\"background-color: rgba(0, 0, 0, 0);\">Meeting de Crisn\u00e9e (28-29\/11)<\/mark><\/strong><\/p>\n\n\n\n<p style=\"font-size:16px\"><mark style=\"background-color: rgba(0, 0, 0, 0)\" class=\"has-inline-color has-black-color\">Comme d&#8217;habitude, notre meeting se d\u00e9roule en cette fin du mois de novembre sur 2 jours. Voici les r\u00e9sultats.<\/mark><\/p>\n\n\n\n<div class=\"wp-block-file\"><a id=\"wp-block-file--media-ef90bcde-a442-41c4-a313-f636afaafa87\" href=\"https:\/\/www.liegenatation.be\/Web\/wp-content\/uploads\/2025\/11\/Resultats-complets.pdf\" target=\"_blank\" rel=\"noreferrer noopener\"><strong><mark style=\"background-color:rgba(0, 0, 0, 0)\" class=\"has-inline-color has-vivid-cyan-blue-color\">R\u00e9sultats complets<\/mark><\/strong><\/a><a href=\"https:\/\/www.liegenatation.be\/Web\/wp-content\/uploads\/2025\/11\/Resultats-complets.pdf\" class=\"wp-block-file__button wp-element-button\" download aria-describedby=\"wp-block-file--media-ef90bcde-a442-41c4-a313-f636afaafa87\">T\u00e9l\u00e9charger<\/a><\/div>\n\n\n\n<div style=\"height:50px\" aria-hidden=\"true\" class=\"wp-block-spacer\"><\/div>\n\n\n\n<p style=\"font-size:28px\"><strong><mark class=\"has-inline-color has-vivid-red-color\" style=\"background-color: rgba(0, 0, 0, 0);\">Championnats Francophones + de 15 ans (22-23\/11)<\/mark><\/strong><\/p>\n\n\n\n<p style=\"font-size:16px\"><mark style=\"background-color: rgba(0, 0, 0, 0)\" class=\"has-inline-color has-black-color\">Dix nageurs de Li\u00e8ge Natation sont en action, ce week-end, \u00e0 Bastogne pour les Championnats Francophones destin\u00e9es au plus de 15 ans. Voici les r\u00e9sultats:<\/mark><\/p>\n\n\n\n<div class=\"wp-block-file\"><a id=\"wp-block-file--media-df9845a8-1f71-42df-b503-ff52de5f1e6b\" href=\"https:\/\/www.liegenatation.be\/Web\/wp-content\/uploads\/2025\/11\/Resultats-samedi-matin.pdf\" target=\"_blank\" rel=\"noreferrer noopener\"><strong><mark style=\"background-color:rgba(0, 0, 0, 0)\" class=\"has-inline-color has-vivid-cyan-blue-color\">Samedi matin<\/mark><\/strong><\/a><a href=\"https:\/\/www.liegenatation.be\/Web\/wp-content\/uploads\/2025\/11\/Resultats-samedi-matin.pdf\" class=\"wp-block-file__button wp-element-button\" download aria-describedby=\"wp-block-file--media-df9845a8-1f71-42df-b503-ff52de5f1e6b\">T\u00e9l\u00e9charger<\/a><\/div>\n\n\n\n<div class=\"wp-block-file\"><a id=\"wp-block-file--media-56308008-059e-4914-a7c6-d617a3980f3f\" href=\"https:\/\/www.liegenatation.be\/Web\/wp-content\/uploads\/2025\/11\/Resultats-samedi-apres-midi.pdf\" target=\"_blank\" rel=\"noreferrer noopener\"><strong><mark style=\"background-color:rgba(0, 0, 0, 0)\" class=\"has-inline-color has-vivid-cyan-blue-color\">Samedi apr\u00e8s-midi<\/mark><\/strong><\/a><a href=\"https:\/\/www.liegenatation.be\/Web\/wp-content\/uploads\/2025\/11\/Resultats-samedi-apres-midi.pdf\" class=\"wp-block-file__button wp-element-button\" download aria-describedby=\"wp-block-file--media-56308008-059e-4914-a7c6-d617a3980f3f\">T\u00e9l\u00e9charger<\/a><\/div>\n\n\n\n<div class=\"wp-block-file\"><a id=\"wp-block-file--media-d9b3c5c4-e938-4156-9beb-5988e998012c\" href=\"https:\/\/www.liegenatation.be\/Web\/wp-content\/uploads\/2025\/11\/Dimanche-matin-1.pdf\" target=\"_blank\" rel=\"noreferrer noopener\"><strong><mark style=\"background-color:rgba(0, 0, 0, 0)\" class=\"has-inline-color has-vivid-cyan-blue-color\">Dimanche matin<\/mark><\/strong><\/a><a href=\"https:\/\/www.liegenatation.be\/Web\/wp-content\/uploads\/2025\/11\/Dimanche-matin-1.pdf\" class=\"wp-block-file__button wp-element-button\" download aria-describedby=\"wp-block-file--media-d9b3c5c4-e938-4156-9beb-5988e998012c\">T\u00e9l\u00e9charger<\/a><\/div>\n\n\n\n<div class=\"wp-block-file\"><a id=\"wp-block-file--media-1c5dfc3b-3206-4e06-84b9-fbdca4ea6deb\" href=\"https:\/\/www.liegenatation.be\/Web\/wp-content\/uploads\/2025\/11\/Resultats-dimanche-apres-midi.pdf\" target=\"_blank\" rel=\"noreferrer noopener\"><strong><mark style=\"background-color:rgba(0, 0, 0, 0)\" class=\"has-inline-color has-vivid-cyan-blue-color\">Dimanche apr\u00e8s-midi<\/mark><\/strong><\/a><a href=\"https:\/\/www.liegenatation.be\/Web\/wp-content\/uploads\/2025\/11\/Resultats-dimanche-apres-midi.pdf\" class=\"wp-block-file__button wp-element-button\" download aria-describedby=\"wp-block-file--media-1c5dfc3b-3206-4e06-84b9-fbdca4ea6deb\">T\u00e9l\u00e9charger<\/a><\/div>\n\n\n\n<div class=\"wp-block-file\"><a id=\"wp-block-file--media-826ac892-d09f-4817-8674-e7a17604a23e\" href=\"https:\/\/www.liegenatation.be\/Web\/wp-content\/uploads\/2025\/11\/resultats-LGN-championnat-francophone-15-ans-22-23-nov-2025.pdf\" target=\"_blank\" rel=\"noreferrer noopener\"><strong><mark style=\"background-color:rgba(0, 0, 0, 0)\" class=\"has-inline-color has-vivid-cyan-blue-color\">R\u00e9sultats LGN<\/mark><\/strong><\/a><a href=\"https:\/\/www.liegenatation.be\/Web\/wp-content\/uploads\/2025\/11\/resultats-LGN-championnat-francophone-15-ans-22-23-nov-2025.pdf\" class=\"wp-block-file__button wp-element-button\" download aria-describedby=\"wp-block-file--media-826ac892-d09f-4817-8674-e7a17604a23e\">T\u00e9l\u00e9charger<\/a><\/div>\n\n\n\n<div style=\"height:50px\" aria-hidden=\"true\" class=\"wp-block-spacer\"><\/div>\n\n\n\n<p style=\"font-size:28px\"><strong><mark class=\"has-inline-color has-vivid-red-color\" style=\"background-color: rgba(0, 0, 0, 0);\">Championnats Francophones \u00e0 Bastogne (15-16\/11)<\/mark><\/strong><\/p>\n\n\n\n<p>Les Championnats Francophones en petit bassin se d\u00e9roulent \u00e0 Bastogne les 15 et 16 novembre. 19 nageurs nous repr\u00e9sentent. <\/p>\n\n\n\n<p>Voici les r\u00e9sultats:<\/p>\n\n\n\n<div class=\"wp-block-file\"><a id=\"wp-block-file--media-57491d6f-530e-42a9-87b0-d8ad0c0790c9\" href=\"https:\/\/www.liegenatation.be\/Web\/wp-content\/uploads\/2025\/11\/Samedi-matin.pdf\" target=\"_blank\" rel=\"noreferrer noopener\"><strong><mark style=\"background-color:rgba(0, 0, 0, 0)\" class=\"has-inline-color has-vivid-cyan-blue-color\">Samedi matin<\/mark><\/strong><\/a><a href=\"https:\/\/www.liegenatation.be\/Web\/wp-content\/uploads\/2025\/11\/Samedi-matin.pdf\" class=\"wp-block-file__button wp-element-button\" download aria-describedby=\"wp-block-file--media-57491d6f-530e-42a9-87b0-d8ad0c0790c9\">T\u00e9l\u00e9charger<\/a><\/div>\n\n\n\n<div class=\"wp-block-file\"><a id=\"wp-block-file--media-289a9269-7469-484e-a1d8-d48a8bd6aa1e\" href=\"https:\/\/www.liegenatation.be\/Web\/wp-content\/uploads\/2025\/11\/Samedi-apres-midi.pdf\" target=\"_blank\" rel=\"noreferrer noopener\"><strong><mark style=\"background-color:rgba(0, 0, 0, 0)\" class=\"has-inline-color has-vivid-cyan-blue-color\">Samedi apr\u00e8s-midi<\/mark><\/strong><\/a><a href=\"https:\/\/www.liegenatation.be\/Web\/wp-content\/uploads\/2025\/11\/Samedi-apres-midi.pdf\" class=\"wp-block-file__button wp-element-button\" download aria-describedby=\"wp-block-file--media-289a9269-7469-484e-a1d8-d48a8bd6aa1e\">T\u00e9l\u00e9charger<\/a><\/div>\n\n\n\n<div class=\"wp-block-file\"><a id=\"wp-block-file--media-6319ef82-b4ad-44f7-91f6-8784b5a4ae5c\" href=\"https:\/\/www.liegenatation.be\/Web\/wp-content\/uploads\/2025\/11\/Dimanche-matin.pdf\" target=\"_blank\" rel=\"noreferrer noopener\"><strong><mark style=\"background-color:rgba(0, 0, 0, 0)\" class=\"has-inline-color has-vivid-cyan-blue-color\">Dimanche matin<\/mark><\/strong><\/a><a href=\"https:\/\/www.liegenatation.be\/Web\/wp-content\/uploads\/2025\/11\/Dimanche-matin.pdf\" class=\"wp-block-file__button wp-element-button\" download aria-describedby=\"wp-block-file--media-6319ef82-b4ad-44f7-91f6-8784b5a4ae5c\">T\u00e9l\u00e9charger<\/a><\/div>\n\n\n\n<div class=\"wp-block-file\"><a id=\"wp-block-file--media-00923c10-4a93-44cb-bd99-64ba5dee141e\" href=\"https:\/\/www.liegenatation.be\/Web\/wp-content\/uploads\/2025\/11\/Dimanche-apres-midi.pdf\" target=\"_blank\" rel=\"noreferrer noopener\"><strong><mark style=\"background-color:rgba(0, 0, 0, 0)\" class=\"has-inline-color has-vivid-cyan-blue-color\">Dimanche apr\u00e8s-midi<\/mark><\/strong><\/a><a href=\"https:\/\/www.liegenatation.be\/Web\/wp-content\/uploads\/2025\/11\/Dimanche-apres-midi.pdf\" class=\"wp-block-file__button wp-element-button\" download aria-describedby=\"wp-block-file--media-00923c10-4a93-44cb-bd99-64ba5dee141e\">T\u00e9l\u00e9charger<\/a><\/div>\n\n\n\n<p><\/p>\n\n\n\n<div class=\"wp-block-file\"><a id=\"wp-block-file--media-487893df-b4e8-44be-aada-26f26180a101\" href=\"https:\/\/www.liegenatation.be\/Web\/wp-content\/uploads\/2025\/11\/Resultats-LGN.pdf\" target=\"_blank\" rel=\"noreferrer noopener\"><strong><mark style=\"background-color:rgba(0, 0, 0, 0)\" class=\"has-inline-color has-vivid-cyan-blue-color\">R\u00e9sultats LGN<\/mark><\/strong><\/a><a href=\"https:\/\/www.liegenatation.be\/Web\/wp-content\/uploads\/2025\/11\/Resultats-LGN.pdf\" class=\"wp-block-file__button wp-element-button\" download aria-describedby=\"wp-block-file--media-487893df-b4e8-44be-aada-26f26180a101\">T\u00e9l\u00e9charger<\/a><\/div>\n\n\n\n<div style=\"height:50px\" aria-hidden=\"true\" class=\"wp-block-spacer\"><\/div>\n\n\n\n<p style=\"font-size: 28px;\"><strong><mark class=\"has-inline-color has-vivid-red-color\" style=\"background-color: rgba(0, 0, 0, 0);\">Championnats de Belgique Open (7-9\/11)<\/mark><\/strong><\/p>\n\n\n\n<p style=\"font-size:16px\"><mark style=\"background-color:rgba(0, 0, 0, 0)\" class=\"has-inline-color has-black-color\">Les Championnats de Belgique se disputent du vendredi 7 au dimanche 9 novembre dans le petit bassin de Gand. Onze de nos nageurs y d\u00e9fendent leurs chances.<\/mark><\/p>\n\n\n\n<p style=\"font-size:16px\"><mark style=\"background-color:rgba(0, 0, 0, 0)\" class=\"has-inline-color has-black-color\">La journ\u00e9e de vendredi a apport\u00e9 2 m\u00e9dailles \u00e0 nos couleurs: l&#8217;argent pour <strong>Florentin Lovens<\/strong> et le bronze pour <strong>Justin Lecocq<\/strong> (4e de la course mais sur le podium en tant que 3e belge). <\/mark><\/p>\n\n\n\n<p style=\"font-size:16px\"><mark style=\"background-color: rgba(0, 0, 0, 0);\" class=\"has-inline-color has-black-color\">Samedi, <strong>Justin<\/strong> se mettait encore en \u00e9vidence, cette fois sur 200m papillon. Et il gagnait un rang par rapport \u00e0 la veille (2e place).<\/mark><\/p>\n\n\n\n<p style=\"font-size:16px\"><mark style=\"background-color: rgba(0, 0, 0, 0);\" class=\"has-inline-color has-black-color\">Dimanche, <strong>Florentin<\/strong> compl\u00e9tait la r\u00e9colte de m\u00e9dailles par une 2e place sur le 800m.&nbsp;<\/mark><\/p>\n\n\n\n<p style=\"font-size:16px\"><mark class=\"has-inline-color has-black-color\" style=\"background-color: rgba(0, 0, 0, 0);\">Voici les r\u00e9sultats.<\/mark><\/p>\n\n\n\n<div class=\"wp-block-file\"><a id=\"wp-block-file--media-c5b7e216-3b21-4fea-9f20-00f27a4cc0ff\" href=\"https:\/\/www.liegenatation.be\/Web\/wp-content\/uploads\/2025\/11\/Resultats-vendredi-matin1-1.pdf\" target=\"_blank\" rel=\"noreferrer noopener\"><strong><mark style=\"background-color:rgba(0, 0, 0, 0)\" class=\"has-inline-color has-vivid-cyan-blue-color\">Vendredi matin<\/mark><\/strong><\/a><a href=\"https:\/\/www.liegenatation.be\/Web\/wp-content\/uploads\/2025\/11\/Resultats-vendredi-matin1-1.pdf\" class=\"wp-block-file__button wp-element-button\" download aria-describedby=\"wp-block-file--media-c5b7e216-3b21-4fea-9f20-00f27a4cc0ff\">T\u00e9l\u00e9charger<\/a><\/div>\n\n\n\n<div class=\"wp-block-file\"><a id=\"wp-block-file--media-7ed7c941-8e5d-46a4-990e-c1f17869ebf0\" href=\"https:\/\/www.liegenatation.be\/Web\/wp-content\/uploads\/2025\/11\/Resultats-de-vendredi-apm.pdf\" target=\"_blank\" rel=\"noreferrer noopener\"><strong><mark style=\"background-color:rgba(0, 0, 0, 0)\" class=\"has-inline-color has-vivid-cyan-blue-color\">Vendredi apr\u00e8s-midi<\/mark><\/strong><\/a><a href=\"https:\/\/www.liegenatation.be\/Web\/wp-content\/uploads\/2025\/11\/Resultats-de-vendredi-apm.pdf\" class=\"wp-block-file__button wp-element-button\" download aria-describedby=\"wp-block-file--media-7ed7c941-8e5d-46a4-990e-c1f17869ebf0\">T\u00e9l\u00e9charger<\/a><\/div>\n\n\n\n<div class=\"wp-block-file\"><a id=\"wp-block-file--media-49d50959-70c9-43d5-8ec3-e71ad855495e\" href=\"https:\/\/www.liegenatation.be\/Web\/wp-content\/uploads\/2025\/11\/Resultats-de-samedi-matin.pdf\" target=\"_blank\" rel=\"noreferrer noopener\"><strong><mark style=\"background-color:rgba(0, 0, 0, 0)\" class=\"has-inline-color has-vivid-cyan-blue-color\">Samedi matin<\/mark><\/strong><\/a><a href=\"https:\/\/www.liegenatation.be\/Web\/wp-content\/uploads\/2025\/11\/Resultats-de-samedi-matin.pdf\" class=\"wp-block-file__button wp-element-button\" download aria-describedby=\"wp-block-file--media-49d50959-70c9-43d5-8ec3-e71ad855495e\">T\u00e9l\u00e9charger<\/a><\/div>\n\n\n\n<div class=\"wp-block-file\"><a id=\"wp-block-file--media-72b8b7e6-5db9-42a4-b3a5-f9606fe4979c\" href=\"https:\/\/www.liegenatation.be\/Web\/wp-content\/uploads\/2025\/11\/Resultats-de-samedi-apm.pdf\" target=\"_blank\" rel=\"noreferrer noopener\"><strong><mark style=\"background-color:rgba(0, 0, 0, 0)\" class=\"has-inline-color has-vivid-cyan-blue-color\">Samedi apr\u00e8s-midi<\/mark><\/strong><\/a><a href=\"https:\/\/www.liegenatation.be\/Web\/wp-content\/uploads\/2025\/11\/Resultats-de-samedi-apm.pdf\" class=\"wp-block-file__button wp-element-button\" download aria-describedby=\"wp-block-file--media-72b8b7e6-5db9-42a4-b3a5-f9606fe4979c\">T\u00e9l\u00e9charger<\/a><\/div>\n\n\n\n<div class=\"wp-block-file\"><a id=\"wp-block-file--media-b6e2b45b-0097-4cd3-a0bb-cc738d8515ec\" href=\"https:\/\/www.liegenatation.be\/Web\/wp-content\/uploads\/2025\/11\/Resultats-de-dimanche-matin.pdf\" target=\"_blank\" rel=\"noreferrer noopener\"><strong><mark style=\"background-color:rgba(0, 0, 0, 0)\" class=\"has-inline-color has-vivid-cyan-blue-color\">Dimanche matin<\/mark><\/strong><\/a><a href=\"https:\/\/www.liegenatation.be\/Web\/wp-content\/uploads\/2025\/11\/Resultats-de-dimanche-matin.pdf\" class=\"wp-block-file__button wp-element-button\" download aria-describedby=\"wp-block-file--media-b6e2b45b-0097-4cd3-a0bb-cc738d8515ec\">T\u00e9l\u00e9charger<\/a><\/div>\n\n\n\n<div style=\"height:50px\" aria-hidden=\"true\" class=\"wp-block-spacer\"><\/div>\n\n\n\n<p style=\"font-size:28px\"><mark class=\"has-inline-color has-vivid-red-color\" style=\"background-color: rgba(0, 0, 0, 0);\"><strong>Meeting International de Saint-Dizier (10-12\/10)<\/strong><\/mark><\/p>\n\n\n\n<p style=\"font-size:16px\"><mark style=\"background-color:rgba(0, 0, 0, 0)\" class=\"has-inline-color has-black-color\">Nos nageurs s&#8217;alignaient sous diff\u00e9rentes banni\u00e8res durant ce week-end \u00e0 Saint-Dizier. Voici les r\u00e9sultats.<\/mark><\/p>\n\n\n\n<div class=\"wp-block-file\"><a id=\"wp-block-file--media-d55949db-fb97-49c0-93a7-880eb5adeafc\" href=\"https:\/\/www.liegenatation.be\/Web\/wp-content\/uploads\/2025\/10\/St-Dizier-resultats-LGN.pdf\" target=\"_blank\" rel=\"noreferrer noopener\"><strong><mark style=\"background-color:rgba(0, 0, 0, 0)\" class=\"has-inline-color has-vivid-cyan-blue-color\">R\u00e9sultats LGN<\/mark><\/strong><\/a><a href=\"https:\/\/www.liegenatation.be\/Web\/wp-content\/uploads\/2025\/10\/St-Dizier-resultats-LGN.pdf\" class=\"wp-block-file__button wp-element-button\" download aria-describedby=\"wp-block-file--media-d55949db-fb97-49c0-93a7-880eb5adeafc\">T\u00e9l\u00e9charger<\/a><\/div>\n\n\n\n<div style=\"height:50px\" aria-hidden=\"true\" class=\"wp-block-spacer\"><\/div>\n\n\n\n<p style=\"font-size: 28px;\"><strong><mark class=\"has-inline-color has-vivid-red-color\" style=\"background-color: rgba(0, 0, 0, 0);\">Challenge George (12\/10)<\/mark><\/strong><\/p>\n\n\n\n<p><mark style=\"background-color:rgba(0, 0, 0, 0)\" class=\"has-inline-color has-black-color\">Le Challenge Marie Petit et le Challenge Jules George figuraient au calendrier du groupe de Sylvie Hainaux et d&#8217;une partie du groupe d&#8217;Els Gitsels. Trente nageurs de notre club ont eu l&#8217;occasion de disputer leur premi\u00e8re comp\u00e9tition de la saison. Notons qu&#8217;ils n&#8217;\u00e9taient inscrits que pour le Challenge George et qu&#8217;ils n&#8217;ont donc disput\u00e9 que les 400m.<\/mark><\/p>\n\n\n\n<p><mark class=\"has-inline-color has-black-color\" style=\"background-color: rgba(0, 0, 0, 0);\">Vous pouvez trouver les r\u00e9sultats ci-dessous \u00e0 partir de la page 18.<\/mark><\/p>\n\n\n\n<div class=\"wp-block-file\"><a id=\"wp-block-file--media-b84ddc8d-912d-482a-84e6-eada98a64ee9\" href=\"https:\/\/www.liegenatation.be\/Web\/wp-content\/uploads\/2025\/10\/Marie-Petit-Jules-George-Resultats-complets.pdf\" target=\"_blank\" rel=\"noreferrer noopener\"><mark style=\"background-color:rgba(0, 0, 0, 0)\" class=\"has-inline-color has-vivid-cyan-blue-color\"><strong>R\u00e9sultats complets<\/strong><\/mark><\/a><a href=\"https:\/\/www.liegenatation.be\/Web\/wp-content\/uploads\/2025\/10\/Marie-Petit-Jules-George-Resultats-complets.pdf\" class=\"wp-block-file__button wp-element-button\" download aria-describedby=\"wp-block-file--media-b84ddc8d-912d-482a-84e6-eada98a64ee9\">T\u00e9l\u00e9charger<\/a><\/div>\n\n\n\n<div class=\"wp-block-file\"><a id=\"wp-block-file--media-9586808e-42aa-4fd0-ac8b-f0928a024eba\" href=\"https:\/\/www.liegenatation.be\/Web\/wp-content\/uploads\/2025\/10\/Challenge-Georges-resultats-LGN.pdf\" target=\"_blank\" rel=\"noreferrer noopener\"><strong><mark style=\"background-color:rgba(0, 0, 0, 0)\" class=\"has-inline-color has-vivid-cyan-blue-color\">R\u00e9sultats LGN<\/mark><\/strong><\/a><a href=\"https:\/\/www.liegenatation.be\/Web\/wp-content\/uploads\/2025\/10\/Challenge-Georges-resultats-LGN.pdf\" class=\"wp-block-file__button wp-element-button\" download aria-describedby=\"wp-block-file--media-9586808e-42aa-4fd0-ac8b-f0928a024eba\">T\u00e9l\u00e9charger<\/a><\/div>\n\n\n\n<div style=\"height:50px\" aria-hidden=\"true\" class=\"wp-block-spacer\"><\/div>\n\n\n\n<p style=\"font-size: 28px;\"><strong><mark class=\"has-inline-color has-vivid-red-color\" style=\"background-color: rgba(0, 0, 0, 0);\">Championnats de Belgique Open (25-27\/7)<\/mark><\/strong><\/p>\n\n\n\n<p style=\"font-size:16px\"><mark style=\"background-color:rgba(0, 0, 0, 0)\" class=\"has-inline-color has-black-color\">Une semaine apr\u00e8s les Championnats de Belgique Jeunes, la piscine d&#8217;Anvers accueille les Championnats de Belgique Open.<\/mark><\/p>\n\n\n\n<p style=\"font-size:16px\"><mark style=\"background-color:rgba(0, 0, 0, 0)\" class=\"has-inline-color has-black-color\">Voici les r\u00e9sultats:<\/mark><\/p>\n\n\n\n<div class=\"wp-block-file\"><a id=\"wp-block-file--media-091ed834-189a-4cbd-9b12-47d4a7893f86\" href=\"https:\/\/www.liegenatation.be\/Web\/wp-content\/uploads\/2025\/07\/Vendredi-matin-1.pdf\" target=\"_blank\" rel=\"noreferrer noopener\"><strong><mark style=\"background-color:rgba(0, 0, 0, 0)\" class=\"has-inline-color has-vivid-cyan-blue-color\">Vendredi matin<\/mark><\/strong><\/a><a href=\"https:\/\/www.liegenatation.be\/Web\/wp-content\/uploads\/2025\/07\/Vendredi-matin-1.pdf\" class=\"wp-block-file__button wp-element-button\" download aria-describedby=\"wp-block-file--media-091ed834-189a-4cbd-9b12-47d4a7893f86\">T\u00e9l\u00e9charger<\/a><\/div>\n\n\n\n<p><\/p>\n\n\n\n<div class=\"wp-block-file\"><a id=\"wp-block-file--media-7b763a60-fc18-4bb6-9ba2-a4adcda88f22\" href=\"https:\/\/www.liegenatation.be\/Web\/wp-content\/uploads\/2025\/07\/vendredi-apres-midi.pdf\" target=\"_blank\" rel=\"noreferrer noopener\"><strong><mark style=\"background-color:rgba(0, 0, 0, 0)\" class=\"has-inline-color has-vivid-cyan-blue-color\">Vendredi apr\u00e8s-midi<\/mark><\/strong><\/a><a href=\"https:\/\/www.liegenatation.be\/Web\/wp-content\/uploads\/2025\/07\/vendredi-apres-midi.pdf\" class=\"wp-block-file__button wp-element-button\" download aria-describedby=\"wp-block-file--media-7b763a60-fc18-4bb6-9ba2-a4adcda88f22\">T\u00e9l\u00e9charger<\/a><\/div>\n\n\n\n<div class=\"wp-block-file\"><a id=\"wp-block-file--media-00f6c9cb-1ffc-4627-9d65-2325ece6ddb5\" href=\"https:\/\/www.liegenatation.be\/Web\/wp-content\/uploads\/2025\/07\/samedi-matin.pdf\" target=\"_blank\" rel=\"noreferrer noopener\"><strong><mark style=\"background-color:rgba(0, 0, 0, 0)\" class=\"has-inline-color has-vivid-cyan-blue-color\">Samedi matin<\/mark><\/strong><\/a><a href=\"https:\/\/www.liegenatation.be\/Web\/wp-content\/uploads\/2025\/07\/samedi-matin.pdf\" class=\"wp-block-file__button wp-element-button\" download aria-describedby=\"wp-block-file--media-00f6c9cb-1ffc-4627-9d65-2325ece6ddb5\">T\u00e9l\u00e9charger<\/a><\/div>\n\n\n\n<div class=\"wp-block-file\"><a id=\"wp-block-file--media-d05fd3c9-b9ff-472a-b442-dc388b133b96\" href=\"https:\/\/www.liegenatation.be\/Web\/wp-content\/uploads\/2025\/07\/samedi-apres-midi.pdf\" target=\"_blank\" rel=\"noreferrer noopener\"><strong><mark style=\"background-color:rgba(0, 0, 0, 0)\" class=\"has-inline-color has-vivid-cyan-blue-color\">Samedi apr\u00e8s-midi<\/mark><\/strong><\/a><a href=\"https:\/\/www.liegenatation.be\/Web\/wp-content\/uploads\/2025\/07\/samedi-apres-midi.pdf\" class=\"wp-block-file__button wp-element-button\" download aria-describedby=\"wp-block-file--media-d05fd3c9-b9ff-472a-b442-dc388b133b96\">T\u00e9l\u00e9charger<\/a><\/div>\n\n\n\n<div class=\"wp-block-file\"><a id=\"wp-block-file--media-a586eb17-e7e1-4ffe-9ce3-4cbe706c2349\" href=\"https:\/\/www.liegenatation.be\/Web\/wp-content\/uploads\/2025\/07\/dimanche-matin.pdf\" target=\"_blank\" rel=\"noreferrer noopener\"><strong><mark style=\"background-color:rgba(0, 0, 0, 0)\" class=\"has-inline-color has-vivid-cyan-blue-color\">Dimanche matin<\/mark><\/strong><\/a><a href=\"https:\/\/www.liegenatation.be\/Web\/wp-content\/uploads\/2025\/07\/dimanche-matin.pdf\" class=\"wp-block-file__button wp-element-button\" download aria-describedby=\"wp-block-file--media-a586eb17-e7e1-4ffe-9ce3-4cbe706c2349\">T\u00e9l\u00e9charger<\/a><\/div>\n\n\n\n<div class=\"wp-block-file\"><a id=\"wp-block-file--media-6272614b-4125-414d-aa28-8a40c7d3d992\" href=\"https:\/\/www.liegenatation.be\/Web\/wp-content\/uploads\/2025\/07\/dimanche-apres-midi.pdf\" target=\"_blank\" rel=\"noreferrer noopener\"><strong><mark style=\"background-color:rgba(0, 0, 0, 0)\" class=\"has-inline-color has-vivid-cyan-blue-color\">Dimanche apr\u00e8s-midi<\/mark><\/strong><\/a><a href=\"https:\/\/www.liegenatation.be\/Web\/wp-content\/uploads\/2025\/07\/dimanche-apres-midi.pdf\" class=\"wp-block-file__button wp-element-button\" download aria-describedby=\"wp-block-file--media-6272614b-4125-414d-aa28-8a40c7d3d992\">T\u00e9l\u00e9charger<\/a><\/div>\n\n\n\n<div class=\"wp-block-file\"><a id=\"wp-block-file--media-88178b23-86b4-46d0-b9da-b1c2a3909d57\" href=\"https:\/\/www.liegenatation.be\/Web\/wp-content\/uploads\/2025\/07\/Resultats-complets-1.pdf\" target=\"_blank\" rel=\"noreferrer noopener\"><strong><mark style=\"background-color:rgba(0, 0, 0, 0)\" class=\"has-inline-color has-vivid-cyan-blue-color\">R\u00e9sultats complets<\/mark><\/strong><\/a><a href=\"https:\/\/www.liegenatation.be\/Web\/wp-content\/uploads\/2025\/07\/Resultats-complets-1.pdf\" class=\"wp-block-file__button wp-element-button\" download aria-describedby=\"wp-block-file--media-88178b23-86b4-46d0-b9da-b1c2a3909d57\">T\u00e9l\u00e9charger<\/a><\/div>\n\n\n\n<div style=\"height:50px\" aria-hidden=\"true\" class=\"wp-block-spacer\"><\/div>\n\n\n\n<p style=\"font-size:28px\"><strong><mark style=\"background-color:rgba(0, 0, 0, 0)\" class=\"has-inline-color has-vivid-red-color\">Championnats de Belgique Jeunes (18-20\/7)<\/mark><\/strong><\/p>\n\n\n\n<p style=\"font-size:16px\"><mark style=\"background-color:rgba(0, 0, 0, 0)\" class=\"has-inline-color has-black-color\">Les Championnats de Belgique Jeunes se d\u00e9roulent \u00e0 Anvers du vendredi 18 au dimanche 20 juillet. Li\u00e8ge Natation est particuli\u00e8rement bien repr\u00e9sent\u00e9 avec 17 nageurs, ce qui repr\u00e9sente 97 d\u00e9parts individuels plus les relais (12). <\/mark><\/p>\n\n\n\n<p style=\"font-size: 16px;\"><mark class=\"has-inline-color has-black-color\" style=\"background-color: rgba(0, 0, 0, 0);\">Voici les r\u00e9sultats:<\/mark><\/p>\n\n\n\n<div class=\"wp-block-file\"><a id=\"wp-block-file--media-0329bba8-e505-4a0a-b557-af60b1b2cd78\" href=\"https:\/\/www.liegenatation.be\/Web\/wp-content\/uploads\/2025\/07\/Resultats-complets.pdf\" target=\"_blank\" rel=\"noreferrer noopener\"><strong><mark style=\"background-color:rgba(0, 0, 0, 0)\" class=\"has-inline-color has-vivid-cyan-blue-color\">R\u00e9sultats complets<\/mark><\/strong><\/a><a href=\"https:\/\/www.liegenatation.be\/Web\/wp-content\/uploads\/2025\/07\/Resultats-complets.pdf\" class=\"wp-block-file__button wp-element-button\" download aria-describedby=\"wp-block-file--media-0329bba8-e505-4a0a-b557-af60b1b2cd78\">T\u00e9l\u00e9charger<\/a><\/div>\n\n\n\n<div class=\"wp-block-file\"><a id=\"wp-block-file--media-80de6076-3f40-44ed-a63a-fe0f36c58a27\" href=\"https:\/\/www.liegenatation.be\/Web\/wp-content\/uploads\/2025\/07\/resultats-WE-1-championnats-de-Belgique-Anvers.pdf\" target=\"_blank\" rel=\"noreferrer noopener\"><strong><mark style=\"background-color:rgba(0, 0, 0, 0)\" class=\"has-inline-color has-vivid-cyan-blue-color\">R\u00e9sultats LGN<\/mark><\/strong><\/a><a href=\"https:\/\/www.liegenatation.be\/Web\/wp-content\/uploads\/2025\/07\/resultats-WE-1-championnats-de-Belgique-Anvers.pdf\" class=\"wp-block-file__button wp-element-button\" download aria-describedby=\"wp-block-file--media-80de6076-3f40-44ed-a63a-fe0f36c58a27\">T\u00e9l\u00e9charger<\/a><\/div>\n\n\n\n<div class=\"wp-block-file\"><a id=\"wp-block-file--media-85c157e3-f51e-48bf-a4e4-9259b2bb1afc\" href=\"https:\/\/www.liegenatation.be\/Web\/wp-content\/uploads\/2025\/07\/boin.pdf\" target=\"_blank\" rel=\"noreferrer noopener\"><strong><mark style=\"background-color:rgba(0, 0, 0, 0)\" class=\"has-inline-color has-vivid-cyan-blue-color\">Challenge Boin<\/mark><\/strong><\/a><a href=\"https:\/\/www.liegenatation.be\/Web\/wp-content\/uploads\/2025\/07\/boin.pdf\" class=\"wp-block-file__button wp-element-button\" download aria-describedby=\"wp-block-file--media-85c157e3-f51e-48bf-a4e4-9259b2bb1afc\">T\u00e9l\u00e9charger<\/a><\/div>\n\n\n\n<div style=\"height:50px\" aria-hidden=\"true\" class=\"wp-block-spacer\"><\/div>\n\n\n\n<p style=\"font-size:28px\"><mark style=\"background-color:rgba(0, 0, 0, 0)\" class=\"has-inline-color has-vivid-red-color\"><strong>Comen Cup \u00e0 Belgrade (20-22\/6)<\/strong><\/mark><\/p>\n\n\n\n<p><mark style=\"background-color:rgba(0, 0, 0, 0)\" class=\"has-inline-color has-black-color\">S\u00e9lectionn\u00e9es au sein du Team Belgium, Cl\u00e9mence Bajot et Janne Jorissen ont particip\u00e9 \u00e0 leur premi\u00e8re exp\u00e9rience europ\u00e9enne, ce week-end, \u00e0 l&#8217;occasion de la Comen Cup.<\/mark><\/p>\n\n\n\n<p><mark style=\"background-color:rgba(0, 0, 0, 0)\" class=\"has-inline-color has-black-color\">Voici leurs r\u00e9sultats:<\/mark><\/p>\n\n\n\n<div class=\"wp-block-file\"><a id=\"wp-block-file--media-435cea8f-8fac-43be-8458-35321889bfb2\" href=\"https:\/\/www.liegenatation.be\/Web\/wp-content\/uploads\/2025\/06\/Resultats.pdf\" target=\"_blank\" rel=\"noreferrer noopener\"><mark style=\"background-color:rgba(0, 0, 0, 0)\" class=\"has-inline-color has-vivid-cyan-blue-color\"><strong>R\u00e9sultats<\/strong><\/mark><\/a><a href=\"https:\/\/www.liegenatation.be\/Web\/wp-content\/uploads\/2025\/06\/Resultats.pdf\" class=\"wp-block-file__button wp-element-button\" download aria-describedby=\"wp-block-file--media-435cea8f-8fac-43be-8458-35321889bfb2\">T\u00e9l\u00e9charger<\/a><\/div>\n\n\n\n<div style=\"height:50px\" aria-hidden=\"true\" class=\"wp-block-spacer\"><\/div>\n\n\n\n<p>&nbsp;<\/p>\n\n\n\n<p style=\"font-size: 28px;\"><strong><mark class=\"has-inline-color has-vivid-red-color\" style=\"background-color: rgba(0, 0, 0, 0);\">Challenge des non licenci\u00e9s: classement final<\/mark><\/strong><\/p>\n\n\n\n<p><mark style=\"background-color:rgba(0, 0, 0, 0)\" class=\"has-inline-color has-black-color\">La saison s&#8217;est achev\u00e9e pour les non licenci\u00e9s. L&#8217;heure est au bilan et aux classements finaux dans les diff\u00e9rentes cat\u00e9gories. Voici les r\u00e9sultats apr\u00e8s l&#8217;ensemble des manches.<\/mark><\/p>\n\n\n\n<div class=\"wp-block-file\"><a id=\"wp-block-file--media-0b347f67-33de-4f65-8e48-92988fa2dda5\" href=\"https:\/\/www.liegenatation.be\/Web\/wp-content\/uploads\/2025\/06\/Point-challenge-NL-1-1.pdf\" target=\"_blank\" rel=\"noreferrer noopener\"><strong><mark style=\"background-color:rgba(0, 0, 0, 0)\" class=\"has-inline-color has-vivid-cyan-blue-color\">Points Challenge NL<\/mark><\/strong><\/a><a href=\"https:\/\/www.liegenatation.be\/Web\/wp-content\/uploads\/2025\/06\/Point-challenge-NL-1-1.pdf\" class=\"wp-block-file__button wp-element-button\" download aria-describedby=\"wp-block-file--media-0b347f67-33de-4f65-8e48-92988fa2dda5\">T\u00e9l\u00e9charger<\/a><\/div>\n\n\n\n<div class=\"wp-block-file\"><a id=\"wp-block-file--media-7e8c4cf1-7949-4787-ac99-fc7a8ce0a188\" href=\"https:\/\/www.liegenatation.be\/Web\/wp-content\/uploads\/2025\/06\/Points-par-age-challenge-1-1.pdf\" target=\"_blank\" rel=\"noreferrer noopener\"><strong><mark style=\"background-color:rgba(0, 0, 0, 0)\" class=\"has-inline-color has-vivid-cyan-blue-color\">Points par \u00e2ge Challenge NL<\/mark><\/strong><\/a><a href=\"https:\/\/www.liegenatation.be\/Web\/wp-content\/uploads\/2025\/06\/Points-par-age-challenge-1-1.pdf\" class=\"wp-block-file__button wp-element-button\" download aria-describedby=\"wp-block-file--media-7e8c4cf1-7949-4787-ac99-fc7a8ce0a188\">T\u00e9l\u00e9charger<\/a><\/div>\n\n\n\n<div class=\"wp-block-file\"><a id=\"wp-block-file--media-3de4fe98-4726-4e89-9901-ba860cf89dc9\" href=\"https:\/\/www.liegenatation.be\/Web\/wp-content\/uploads\/2025\/06\/Resultat-trophee-1-1.pdf\" target=\"_blank\" rel=\"noreferrer noopener\"><strong><mark style=\"background-color:rgba(0, 0, 0, 0)\" class=\"has-inline-color has-vivid-cyan-blue-color\">R\u00e9sultats Troph\u00e9e Challenge NL<\/mark><\/strong><\/a><a href=\"https:\/\/www.liegenatation.be\/Web\/wp-content\/uploads\/2025\/06\/Resultat-trophee-1-1.pdf\" class=\"wp-block-file__button wp-element-button\" download aria-describedby=\"wp-block-file--media-3de4fe98-4726-4e89-9901-ba860cf89dc9\">T\u00e9l\u00e9charger<\/a><\/div>\n\n\n\n<div style=\"height:50px\" aria-hidden=\"true\" class=\"wp-block-spacer\"><\/div>\n\n\n\n<p style=\"font-size:28px\"><strong><mark style=\"background-color:rgba(0, 0, 0, 0)\" class=\"has-inline-color has-vivid-red-color\">Challenge des non licenci\u00e9s \u00e0 Crisn\u00e9e (25\/5)<\/mark><\/strong><\/p>\n\n\n\n<p style=\"font-size:16px\"><mark style=\"background-color:rgba(0, 0, 0, 0)\" class=\"has-inline-color has-black-color\">Au lendemain de notre F\u00eate de la Natation se d\u00e9roulait, dans notre bassin, la 4e manche du Challenge des non licenci\u00e9s. Voici les r\u00e9sultats:<\/mark><\/p>\n\n\n\n<div class=\"wp-block-file\"><a id=\"wp-block-file--media-5453731e-ab89-4e45-b773-0b1d69cddb46\" href=\"https:\/\/www.liegenatation.be\/Web\/wp-content\/uploads\/2025\/05\/Resultats-4-eme-manche-du-challenge-des-non-licencies-du-25-mai-a-Crisnee.pdf\" target=\"_blank\" rel=\"noreferrer noopener\"><strong><mark style=\"background-color:rgba(0, 0, 0, 0)\" class=\"has-inline-color has-vivid-cyan-blue-color\">R\u00e9sultats<\/mark><\/strong> <\/a><a href=\"https:\/\/www.liegenatation.be\/Web\/wp-content\/uploads\/2025\/05\/Resultats-4-eme-manche-du-challenge-des-non-licencies-du-25-mai-a-Crisnee.pdf\" class=\"wp-block-file__button wp-element-button\" download aria-describedby=\"wp-block-file--media-5453731e-ab89-4e45-b773-0b1d69cddb46\">T\u00e9l\u00e9charger<\/a><\/div>\n\n\n\n<div class=\"wp-block-file\"><a id=\"wp-block-file--media-116c7164-3d3c-4524-a3c8-c165cc6e7e63\" href=\"https:\/\/www.liegenatation.be\/Web\/wp-content\/uploads\/2025\/05\/Resultats-LGN-4-eme-manche-du-challenge-des-non-licencies-du-25-mai-a-Crisnee.pdf\" target=\"_blank\" rel=\"noreferrer noopener\"><strong><mark style=\"background-color:rgba(0, 0, 0, 0)\" class=\"has-inline-color has-vivid-cyan-blue-color\">R\u00e9sultats  LGN <\/mark><\/strong><\/a><a href=\"https:\/\/www.liegenatation.be\/Web\/wp-content\/uploads\/2025\/05\/Resultats-LGN-4-eme-manche-du-challenge-des-non-licencies-du-25-mai-a-Crisnee.pdf\" class=\"wp-block-file__button wp-element-button\" download aria-describedby=\"wp-block-file--media-116c7164-3d3c-4524-a3c8-c165cc6e7e63\">T\u00e9l\u00e9charger<\/a><\/div>\n\n\n\n<div style=\"height:50px\" aria-hidden=\"true\" class=\"wp-block-spacer\"><\/div>\n\n\n\n<p style=\"font-size:28px\"><strong><mark class=\"has-inline-color has-vivid-red-color\" style=\"background-color: rgba(0, 0, 0, 0);\">Ethias Swimming Trophy \u00e0 Charleroi (10-11\/5)<\/mark><\/strong><\/p>\n\n\n\n<p><\/p>\n\n\n\n\n\n\n\n<p style=\"font-size: 16px;\"><mark class=\"has-inline-color has-black-color\" style=\"background-color: rgba(0, 0, 0, 0);\">A deux semaines de la F\u00eate de la Natation que nous organiserons \u00e0 Crisn\u00e9e (24 mai), le bassin carolo accueillait ce week-end l&#8217;Ethias Trophy. Le groupe d&#8217;Els Gitsels y \u00e9tait largement repr\u00e9sent\u00e9 et \u00e9tait m\u00eame compl\u00e9t\u00e9 par deux \u00e9l\u00e9ments du groupe de Sylvie Hainaux.<\/mark><\/p>\n\n\n\n<p style=\"font-size: 16px;\"><mark class=\"has-inline-color has-black-color\" style=\"background-color: rgba(0, 0, 0, 0);\">N.B.: Les r\u00e9sultats de dimanche apr\u00e8s-midi n&#8217;ont malheureusement pas \u00e9t\u00e9 mis en ligne.<\/mark><\/p>\n\n\n\n<div class=\"wp-block-file\"><a id=\"wp-block-file--media-2f46c602-5cd6-4239-8363-1b62ca9cd10b\" href=\"https:\/\/www.liegenatation.be\/Web\/wp-content\/uploads\/2025\/05\/Samedi-matin.pdf\" target=\"_blank\" rel=\"noreferrer noopener\"><strong><mark style=\"background-color:rgba(0, 0, 0, 0)\" class=\"has-inline-color has-vivid-cyan-blue-color\">Samedi matin<\/mark><\/strong><\/a><a href=\"https:\/\/www.liegenatation.be\/Web\/wp-content\/uploads\/2025\/05\/Samedi-matin.pdf\" class=\"wp-block-file__button wp-element-button\" download aria-describedby=\"wp-block-file--media-2f46c602-5cd6-4239-8363-1b62ca9cd10b\">T\u00e9l\u00e9charger<\/a><\/div>\n\n\n\n<div class=\"wp-block-file\"><a id=\"wp-block-file--media-ee670f81-c630-4b58-bbd6-db780f9bfd87\" href=\"https:\/\/www.liegenatation.be\/Web\/wp-content\/uploads\/2025\/05\/Samedi-debut-dapres-midi.pdf\" target=\"_blank\" rel=\"noreferrer noopener\"><strong><mark style=\"background-color:rgba(0, 0, 0, 0)\" class=\"has-inline-color has-vivid-cyan-blue-color\">Samedi d\u00e9but d&#8217;apr\u00e8s-midi<\/mark><\/strong><\/a><a href=\"https:\/\/www.liegenatation.be\/Web\/wp-content\/uploads\/2025\/05\/Samedi-debut-dapres-midi.pdf\" class=\"wp-block-file__button wp-element-button\" download aria-describedby=\"wp-block-file--media-ee670f81-c630-4b58-bbd6-db780f9bfd87\">T\u00e9l\u00e9charger<\/a><\/div>\n\n\n\n<div class=\"wp-block-file\"><a id=\"wp-block-file--media-945f5a75-84d9-4499-abc2-fbead126d8b6\" href=\"https:\/\/www.liegenatation.be\/Web\/wp-content\/uploads\/2025\/05\/Samedi-fin-dapres-midi.pdf\" target=\"_blank\" rel=\"noreferrer noopener\"><strong><mark style=\"background-color:rgba(0, 0, 0, 0)\" class=\"has-inline-color has-vivid-cyan-blue-color\">Samedi fin d&#8217;apr\u00e8s-midi<\/mark><\/strong><\/a><a href=\"https:\/\/www.liegenatation.be\/Web\/wp-content\/uploads\/2025\/05\/Samedi-fin-dapres-midi.pdf\" class=\"wp-block-file__button wp-element-button\" download aria-describedby=\"wp-block-file--media-945f5a75-84d9-4499-abc2-fbead126d8b6\">T\u00e9l\u00e9charger<\/a><\/div>\n\n\n\n<div class=\"wp-block-file\"><a id=\"wp-block-file--media-71fa3866-bb11-4e3a-9687-200ca443ff0f\" href=\"https:\/\/www.liegenatation.be\/Web\/wp-content\/uploads\/2025\/05\/Dimanche-matin.pdf\" target=\"_blank\" rel=\"noreferrer noopener\"><strong><mark style=\"background-color:rgba(0, 0, 0, 0)\" class=\"has-inline-color has-vivid-cyan-blue-color\">Dimanche matin<\/mark><\/strong><\/a><a href=\"https:\/\/www.liegenatation.be\/Web\/wp-content\/uploads\/2025\/05\/Dimanche-matin.pdf\" class=\"wp-block-file__button wp-element-button\" download aria-describedby=\"wp-block-file--media-71fa3866-bb11-4e3a-9687-200ca443ff0f\">T\u00e9l\u00e9charger<\/a><\/div>\n\n\n\n<div style=\"height:50px\" aria-hidden=\"true\" class=\"wp-block-spacer\"><\/div>\n\n\n\n\n\n\n\n<p style=\"font-size:28px\"><strong><mark style=\"background-color:rgba(0, 0, 0, 0)\" class=\"has-inline-color has-vivid-red-color\">Championnats de Belgique Open (25-27\/4)<\/mark><\/strong><\/p>\n\n\n\n<p><mark style=\"background-color:rgba(0, 0, 0, 0)\" class=\"has-inline-color has-black-color\">Les Championnats de Belgique Open se disputaient ce week-end \u00e0 Anvers.<\/mark><\/p>\n\n\n\n<p style=\"font-size:16px\"><mark style=\"background-color:rgba(0, 0, 0, 0)\" class=\"has-inline-color has-black-color\">Nos nageurs se sont directement mis en \u00e9vidence. D\u00e8s la s\u00e9ance du vendredi matin, Lucas Henveaux a battu le record de Belgique du 200m 4 nages en le portant \u00e0 1:57.60. Un chrono qui le qualifie pour les Championnats du Monde qui se disputeront \u00e0 Singapour.<\/mark><\/p>\n\n\n\n<p style=\"font-size:16px\"><mark style=\"background-color:rgba(0, 0, 0, 0)\" class=\"has-inline-color has-black-color\">Sa soeur Camille a \u00e9galement atteint son objectif d\u00e8s sa premi\u00e8re course en se qualifiant pour les Championnats d&#8217;Europe U23 gr\u00e2ce \u00e0 une meilleure performance personnelle sur 400m (4:13.08). Meilleur temps des s\u00e9ries, elle a d\u00fb se contenter de la 2e place en finale.<\/mark><\/p>\n\n\n\n<p><mark style=\"background-color:rgba(0, 0, 0, 0)\" class=\"has-inline-color has-black-color\"><strong>Les m\u00e9dailles du jour:<\/strong><br><span class=\"html-span xexx8yu x4uap5 x18d9i69 xkhd6sd x1hl2dhg x16tdsg8 x1vvkbs x3nfvp2 x1j61x8r x1fcty0u xdj266r xat24cr xgzva0m xhhsvwb xxymvpz xlup9mm x1kky2od\">Or pour le relais 4x100m NL<br>Argent pour <\/span>Camille Henveaux sur 400m NL<br>Bronze pour Rapha\u00ebl Vanhecke sur 100m papillon<br>Bronze pour Thomas Courbois sur 200m dos.<\/mark><\/p>\n\n\n\n<div class=\"wp-block-file\"><a id=\"wp-block-file--media-586573d6-e137-4173-94c7-30f73c7fb7e0\" href=\"https:\/\/www.liegenatation.be\/Web\/wp-content\/uploads\/2025\/04\/Resultats-vendredi-matin.pdf\" target=\"_blank\" rel=\"noreferrer noopener\"><strong><mark style=\"background-color:rgba(0, 0, 0, 0)\" class=\"has-inline-color has-vivid-cyan-blue-color\">Vendredi matin<\/mark><\/strong><\/a><a href=\"https:\/\/www.liegenatation.be\/Web\/wp-content\/uploads\/2025\/04\/Resultats-vendredi-matin.pdf\" class=\"wp-block-file__button wp-element-button\" download aria-describedby=\"wp-block-file--media-586573d6-e137-4173-94c7-30f73c7fb7e0\">T\u00e9l\u00e9charger<\/a><\/div>\n\n\n\n<div class=\"wp-block-file\"><a id=\"wp-block-file--media-1f1ebf0a-ec0d-4106-9a84-d8b81f1e0387\" href=\"https:\/\/www.liegenatation.be\/Web\/wp-content\/uploads\/2025\/04\/Resultats-vendredi-apres-midi.pdf\" target=\"_blank\" rel=\"noreferrer noopener\"><strong><mark style=\"background-color:rgba(0, 0, 0, 0)\" class=\"has-inline-color has-vivid-cyan-blue-color\">Vendredi apr\u00e8s-midi<\/mark><\/strong><\/a><a href=\"https:\/\/www.liegenatation.be\/Web\/wp-content\/uploads\/2025\/04\/Resultats-vendredi-apres-midi.pdf\" class=\"wp-block-file__button wp-element-button\" download aria-describedby=\"wp-block-file--media-1f1ebf0a-ec0d-4106-9a84-d8b81f1e0387\">T\u00e9l\u00e9charger<\/a><\/div>\n\n\n\n<div style=\"height:50px\" aria-hidden=\"true\" class=\"wp-block-spacer\"><\/div>\n\n\n\n<p><mark style=\"background-color:rgba(0, 0, 0, 0)\" class=\"has-inline-color has-black-color\">La matin\u00e9e de samedi apportait aussi une excellente nouvelle: Camille r\u00e9ussissait le temps limite pour les Championnats d&#8217;Europe U23 sur 200m NL. Dans l&#8217;apr\u00e8s-midi, Lucas d\u00e9crochait un 2e pour les Championnats du Monde gr\u00e2ce \u00e0 son 3:46.76 sur 400m NL).<\/mark><\/p>\n\n\n\n<div class=\"x11i5rnm xat24cr x1mh8g0r x1vvkbs xtlvy1s x126k92a\">\n<div dir=\"auto\"><strong>Les m\u00e9dailles du jour:<\/strong><\/div>\n<div dir=\"auto\"><span class=\"html-span xexx8yu x4uap5 x18d9i69 xkhd6sd x1hl2dhg x16tdsg8 x1vvkbs x3nfvp2 x1j61x8r x1fcty0u xdj266r xat24cr xgzva0m xhhsvwb xxymvpz xlup9mm x1kky2od\">Or pour <\/span>Lucas Henveaux sur 400m + qualifications pour les Championnats du Monde<\/div>\n<div dir=\"auto\"><span class=\"html-span xexx8yu x4uap5 x18d9i69 xkhd6sd x1hl2dhg x16tdsg8 x1vvkbs x3nfvp2 x1j61x8r x1fcty0u xdj266r xat24cr xgzva0m xhhsvwb xxymvpz xlup9mm x1kky2od\">Or pour <\/span>Rapha\u00ebl Vanhecke au 200m 4 nages<\/div>\n<div dir=\"auto\"><span class=\"html-span xexx8yu x4uap5 x18d9i69 xkhd6sd x1hl2dhg x16tdsg8 x1vvkbs x3nfvp2 x1j61x8r x1fcty0u xdj266r xat24cr xgzva0m xhhsvwb xxymvpz xlup9mm x1kky2od\">Or pour le <\/span>Relais 4x100m 4 nages + Record de Belgique sur 100m dos pour Lucas<\/div>\n<div dir=\"auto\">Argent pour Typhanie Paques sur 1500m<\/div>\n<div dir=\"auto\">Argent pour Camille Henveaux sur 200m + qualification pour les Championnats d&#8217;Europe U23<\/div>\n<\/div>\n\n\n\n<div class=\"x11i5rnm xat24cr x1mh8g0r x1vvkbs xtlvy1s x126k92a\">\n<div dir=\"auto\"><strong>Finales jeunes:<\/strong><\/div>\n<div dir=\"auto\"><span class=\"html-span xexx8yu x4uap5 x18d9i69 xkhd6sd x1hl2dhg x16tdsg8 x1vvkbs x3nfvp2 x1j61x8r x1fcty0u xdj266r xat24cr xgzva0m xhhsvwb xxymvpz xlup9mm x1kky2od\">Or pour <\/span>Lorane Stas sur 400m NL (12 ans)<\/div>\n<div dir=\"auto\"><span class=\"html-span xexx8yu x4uap5 x18d9i69 xkhd6sd x1hl2dhg x16tdsg8 x1vvkbs x3nfvp2 x1j61x8r x1fcty0u xdj266r xat24cr xgzva0m xhhsvwb xxymvpz xlup9mm x1kky2od\">Or pour <\/span>Elad Carlos da Silva sur 200m 4 Nages gar\u00e7on 12 ans<\/div>\n<div dir=\"auto\"><span class=\"html-span xexx8yu x4uap5 x18d9i69 xkhd6sd x1hl2dhg x16tdsg8 x1vvkbs x3nfvp2 x1j61x8r x1fcty0u xdj266r xat24cr xgzva0m xhhsvwb xxymvpz xlup9mm x1kky2od\">Bronze pour <\/span>Pauline Van Hove sur 400m NL (12 ans)<\/div>\n<\/div>\n\n\n\n<div class=\"wp-block-file\"><a id=\"wp-block-file--media-6fb63b58-8127-4bc0-9ce6-1bbfec1c6ff2\" href=\"https:\/\/www.liegenatation.be\/Web\/wp-content\/uploads\/2025\/04\/Resultats-samedi-matin.pdf\" target=\"_blank\" rel=\"noreferrer noopener\"><strong><mark style=\"background-color:rgba(0, 0, 0, 0)\" class=\"has-inline-color has-vivid-cyan-blue-color\">Samedi matin<\/mark><\/strong><\/a><a href=\"https:\/\/www.liegenatation.be\/Web\/wp-content\/uploads\/2025\/04\/Resultats-samedi-matin.pdf\" class=\"wp-block-file__button wp-element-button\" download aria-describedby=\"wp-block-file--media-6fb63b58-8127-4bc0-9ce6-1bbfec1c6ff2\">T\u00e9l\u00e9charger<\/a><\/div>\n\n\n\n<div class=\"wp-block-file\"><a id=\"wp-block-file--media-7d4c8387-d76e-4e88-b101-6dfbd0001329\" href=\"https:\/\/www.liegenatation.be\/Web\/wp-content\/uploads\/2025\/04\/Resultats-samedi-apres-midi.pdf\" target=\"_blank\" rel=\"noreferrer noopener\"><strong><mark style=\"background-color:rgba(0, 0, 0, 0)\" class=\"has-inline-color has-vivid-cyan-blue-color\">Samedi apr\u00e8s-midi<\/mark><\/strong><\/a><a href=\"https:\/\/www.liegenatation.be\/Web\/wp-content\/uploads\/2025\/04\/Resultats-samedi-apres-midi.pdf\" class=\"wp-block-file__button wp-element-button\" download aria-describedby=\"wp-block-file--media-7d4c8387-d76e-4e88-b101-6dfbd0001329\">T\u00e9l\u00e9charger<\/a><\/div>\n\n\n\n<div style=\"height:50px\" aria-hidden=\"true\" class=\"wp-block-spacer\"><\/div>\n\n\n\n<div dir=\"auto\">\n<p>Le 3<sup>e<\/sup> jour des Championnats de Belgique a de nouveau apport\u00e9 de nombreuses satisfactions. Gr\u00e2ce \u00e0 ses performances du week-end, Lucas Henveaux disputera le 200m NL, le 400m, le 800m et le 200m 4 Nages aux Championnats du Monde.<\/p>\n<p>Camille Henveaux, elle, a gagn\u00e9 le droit de disputer 3 courses aux Championnats d\u2019Europe U23 : le 200m NL , le 400m et le 800m.<\/p>\n<p>Les m\u00e9dailles de ce dimanche&nbsp;:<br>Or pour Lucas Henveaux sur 200m NL<br>Or pour Lucas Henveaux sur 800m<br>Or pour relais messieurs 4x200m NL<br>Argent Pour Camille Henveaux sur 800m<br>Argent pour relais dames 4x200m NL<br>Bronze pour Rapha\u00ebl Vanhecke sur 200m NL<\/p>\n<p>Les finales des jeunes&nbsp;:<br>Or pour Elad Carlos Da Silva sur 400m (12 ans)<br>Argent pour Pauline Van Hove sur 200m 4 nages (12 ans)<\/p>\n<\/div>\n\n\n\n<div class=\"wp-block-file\"><a id=\"wp-block-file--media-a30fb6ee-62b3-4cb9-a205-2f0f58bdea9f\" href=\"https:\/\/www.liegenatation.be\/Web\/wp-content\/uploads\/2025\/04\/Resultats-dimanche-matin.pdf\" target=\"_blank\" rel=\"noreferrer noopener\"><strong><mark style=\"background-color:rgba(0, 0, 0, 0)\" class=\"has-inline-color has-vivid-cyan-blue-color\">Dimanche matin<\/mark><\/strong><\/a><a href=\"https:\/\/www.liegenatation.be\/Web\/wp-content\/uploads\/2025\/04\/Resultats-dimanche-matin.pdf\" class=\"wp-block-file__button wp-element-button\" download aria-describedby=\"wp-block-file--media-a30fb6ee-62b3-4cb9-a205-2f0f58bdea9f\">T\u00e9l\u00e9charger<\/a><\/div>\n\n\n\n<div class=\"wp-block-file\"><a id=\"wp-block-file--media-5077b413-94fe-4b8d-a0f9-193b6471aec4\" href=\"https:\/\/www.liegenatation.be\/Web\/wp-content\/uploads\/2025\/04\/Resultat-de-dimanche-apres-midi.pdf\" target=\"_blank\" rel=\"noreferrer noopener\"><strong><mark style=\"background-color:rgba(0, 0, 0, 0)\" class=\"has-inline-color has-vivid-cyan-blue-color\">Dimanche apr\u00e8s-midi<\/mark><\/strong><\/a><a href=\"https:\/\/www.liegenatation.be\/Web\/wp-content\/uploads\/2025\/04\/Resultat-de-dimanche-apres-midi.pdf\" class=\"wp-block-file__button wp-element-button\" download aria-describedby=\"wp-block-file--media-5077b413-94fe-4b8d-a0f9-193b6471aec4\">T\u00e9l\u00e9charger<\/a><\/div>\n\n\n\n<div style=\"height:50px\" aria-hidden=\"true\" class=\"wp-block-spacer\"><\/div>\n\n\n\n<p style=\"font-size: 28px;\"><mark class=\"has-inline-color has-vivid-red-color\" style=\"background-color: rgba(0, 0, 0, 0);\"><strong>Swimdays \u00e0 Saint-Vith (13\/4)<\/strong><\/mark><\/p>\n\n\n\n<p><mark style=\"background-color: rgba(0, 0, 0, 0)\" class=\"has-inline-color has-black-color\">Voici les r\u00e9sultats de nos 9 nageurs pr\u00e9sents ce dimanche aux Swimdays.<\/mark><\/p>\n\n\n\n<div class=\"wp-block-file\"><a id=\"wp-block-file--media-98c22387-0509-48c6-ae95-1438035bb784\" href=\"https:\/\/www.liegenatation.be\/Web\/wp-content\/uploads\/2025\/04\/Saint-Vith-Swimday-resultats.pdf\" target=\"_blank\" rel=\"noreferrer noopener\"><mark style=\"background-color: rgba(0, 0, 0, 0);\" class=\"has-inline-color has-vivid-cyan-blue-color\"><b>R<\/b><\/mark><mark style=\"background-color:rgba(0, 0, 0, 0)\" class=\"has-inline-color has-vivid-cyan-blue-color\"><strong>\u00e9<\/strong><\/mark><strong><mark style=\"background-color:rgba(0, 0, 0, 0)\" class=\"has-inline-color has-vivid-cyan-blue-color\">sultats<\/mark><\/strong><\/a><a href=\"https:\/\/www.liegenatation.be\/Web\/wp-content\/uploads\/2025\/04\/Saint-Vith-Swimday-resultats.pdf\" class=\"wp-block-file__button wp-element-button\" download aria-describedby=\"wp-block-file--media-98c22387-0509-48c6-ae95-1438035bb784\">T\u00e9l\u00e9charger<\/a><\/div>\n\n\n\n<div class=\"wp-block-file\"><a id=\"wp-block-file--media-5ed4e107-359f-4767-babf-1bb2b218eb12\" href=\"https:\/\/www.liegenatation.be\/Web\/wp-content\/uploads\/2025\/04\/Saint-Vith-resultats-LGN-Swimday.pdf\" target=\"_blank\" rel=\"noreferrer noopener\"><strong><mark style=\"background-color:rgba(0, 0, 0, 0)\" class=\"has-inline-color has-vivid-cyan-blue-color\">R\u00e9sultats LGN<\/mark><\/strong><\/a><a href=\"https:\/\/www.liegenatation.be\/Web\/wp-content\/uploads\/2025\/04\/Saint-Vith-resultats-LGN-Swimday.pdf\" class=\"wp-block-file__button wp-element-button\" download aria-describedby=\"wp-block-file--media-5ed4e107-359f-4767-babf-1bb2b218eb12\">T\u00e9l\u00e9charger<\/a><\/div>\n\n\n\n<div style=\"height:50px\" aria-hidden=\"true\" class=\"wp-block-spacer\"><\/div>\n\n\n\n<p style=\"font-size:28px\"><strong><mark class=\"has-inline-color has-vivid-red-color\" style=\"background-color: rgba(0, 0, 0, 0);\">Challenge JB Evrard masters \u00e0 Embourg (23\/3)<\/mark><\/strong><\/p>\n\n\n\n<p><mark style=\"background-color:rgba(0, 0, 0, 0)\" class=\"has-inline-color has-black-color\">Une nageuse repr\u00e9sentait notre club au Challenge challenge JBE masters Embourg:<\/mark> Laure Stoumont. Elle s&#8217;alignait sur 100m et 400m.<\/p>\n\n\n\n<div class=\"wp-block-file\"><a id=\"wp-block-file--media-4582f6f5-e292-4ff5-865d-8117c2ff31cb\" href=\"https:\/\/www.liegenatation.be\/Web\/wp-content\/uploads\/2025\/03\/Masters-Jean-Baptiste-Evrard-resultats.pdf\" target=\"_blank\" rel=\"noreferrer noopener\"><strong><mark style=\"background-color:rgba(0, 0, 0, 0)\" class=\"has-inline-color has-vivid-cyan-blue-color\">Masters Jean-Baptiste Evrard r\u00e9sultats<\/mark><\/strong><\/a><a href=\"https:\/\/www.liegenatation.be\/Web\/wp-content\/uploads\/2025\/03\/Masters-Jean-Baptiste-Evrard-resultats.pdf\" class=\"wp-block-file__button wp-element-button\" download aria-describedby=\"wp-block-file--media-4582f6f5-e292-4ff5-865d-8117c2ff31cb\">T\u00e9l\u00e9charger<\/a><\/div>\n\n\n\n<div class=\"wp-block-file\"><a id=\"wp-block-file--media-659f856c-dd26-4296-ae69-133dfe3879f2\" href=\"https:\/\/www.liegenatation.be\/Web\/wp-content\/uploads\/2025\/03\/Masters-Jean-Baptiste-Evrard-classement.pdf\" target=\"_blank\" rel=\"noreferrer noopener\"><mark style=\"background-color:rgba(0, 0, 0, 0)\" class=\"has-inline-color has-vivid-cyan-blue-color\"><strong>Masters Jean-Baptiste Evrard classement<\/strong><\/mark><\/a><a href=\"https:\/\/www.liegenatation.be\/Web\/wp-content\/uploads\/2025\/03\/Masters-Jean-Baptiste-Evrard-classement.pdf\" class=\"wp-block-file__button wp-element-button\" download aria-describedby=\"wp-block-file--media-659f856c-dd26-4296-ae69-133dfe3879f2\">T\u00e9l\u00e9charger<\/a><\/div>\n\n\n\n<div style=\"height:50px\" aria-hidden=\"true\" class=\"wp-block-spacer\"><\/div>\n\n\n\n<p style=\"font-size:28px\"><strong><mark class=\"has-inline-color has-vivid-red-color\" style=\"background-color: rgba(0, 0, 0, 0);\">Grand Prix de la Ville de Seraing (21-23\/3)<\/mark><\/strong><\/p>\n\n\n\n<p style=\"font-size:16px\"><mark style=\"background-color: rgba(0, 0, 0, 0)\" class=\"has-inline-color has-black-color\">Une grosse d\u00e9l\u00e9gation de Li\u00e8ge Natation (24 nageurs) se pr\u00e9sentait ce week-end au Grand Prix International de la Ville de Seraing. <\/mark><\/p>\n\n\n\n<p><mark style=\"background-color:rgba(0, 0, 0, 0)\" class=\"has-inline-color has-black-color\">Voici leurs r\u00e9sultats:<\/mark><\/p>\n\n\n\n<div class=\"wp-block-file\"><a id=\"wp-block-file--media-9baf4874-497b-4eab-a52b-f0bc6a9807a2\" href=\"https:\/\/www.liegenatation.be\/Web\/wp-content\/uploads\/2025\/03\/Vendredi-soir.pdf\" target=\"_blank\" rel=\"noreferrer noopener\"><strong><mark style=\"background-color:rgba(0, 0, 0, 0)\" class=\"has-inline-color has-vivid-cyan-blue-color\">Vendredi soir<\/mark><\/strong><\/a><a href=\"https:\/\/www.liegenatation.be\/Web\/wp-content\/uploads\/2025\/03\/Vendredi-soir.pdf\" class=\"wp-block-file__button wp-element-button\" download aria-describedby=\"wp-block-file--media-9baf4874-497b-4eab-a52b-f0bc6a9807a2\">T\u00e9l\u00e9charger<\/a><\/div>\n\n\n\n<div class=\"wp-block-file\"><a id=\"wp-block-file--media-b4992c89-92fd-4d22-ab5e-3fe4a718e87f\" href=\"https:\/\/www.liegenatation.be\/Web\/wp-content\/uploads\/2025\/03\/Samedi-matin.pdf\" target=\"_blank\" rel=\"noreferrer noopener\"><strong><mark style=\"background-color:rgba(0, 0, 0, 0)\" class=\"has-inline-color has-vivid-cyan-blue-color\">Samedi matin<\/mark><\/strong><\/a><a href=\"https:\/\/www.liegenatation.be\/Web\/wp-content\/uploads\/2025\/03\/Samedi-matin.pdf\" class=\"wp-block-file__button wp-element-button\" download aria-describedby=\"wp-block-file--media-b4992c89-92fd-4d22-ab5e-3fe4a718e87f\">T\u00e9l\u00e9charger<\/a><\/div>\n\n\n\n<div class=\"wp-block-file\"><a id=\"wp-block-file--media-04c56b72-29fb-407a-ab55-edff45f63014\" href=\"https:\/\/www.liegenatation.be\/Web\/wp-content\/uploads\/2025\/03\/Samedi-apres-midi.pdf\" target=\"_blank\" rel=\"noreferrer noopener\"><mark style=\"background-color:rgba(0, 0, 0, 0)\" class=\"has-inline-color has-vivid-cyan-blue-color\"><strong>Samedi apr\u00e8s-midi<\/strong><\/mark><\/a><a href=\"https:\/\/www.liegenatation.be\/Web\/wp-content\/uploads\/2025\/03\/Samedi-apres-midi.pdf\" class=\"wp-block-file__button wp-element-button\" download aria-describedby=\"wp-block-file--media-04c56b72-29fb-407a-ab55-edff45f63014\">T\u00e9l\u00e9charger<\/a><\/div>\n\n\n\n<div class=\"wp-block-file\"><a id=\"wp-block-file--media-193cf3eb-e174-4c08-84ba-ac71a49e7b61\" href=\"https:\/\/www.liegenatation.be\/Web\/wp-content\/uploads\/2025\/03\/Dimanche-matin.pdf\" target=\"_blank\" rel=\"noreferrer noopener\"><strong><mark style=\"background-color:rgba(0, 0, 0, 0)\" class=\"has-inline-color has-vivid-cyan-blue-color\">Dimanche matin<\/mark><\/strong><\/a><a href=\"https:\/\/www.liegenatation.be\/Web\/wp-content\/uploads\/2025\/03\/Dimanche-matin.pdf\" class=\"wp-block-file__button wp-element-button\" download aria-describedby=\"wp-block-file--media-193cf3eb-e174-4c08-84ba-ac71a49e7b61\">T\u00e9l\u00e9charger<\/a><\/div>\n\n\n\n<div class=\"wp-block-file\"><a id=\"wp-block-file--media-79d22dd3-b3a0-423c-9a10-503b704a653a\" href=\"https:\/\/www.liegenatation.be\/Web\/wp-content\/uploads\/2025\/03\/Dimanche-apres-midi.pdf\" target=\"_blank\" rel=\"noreferrer noopener\"><strong><mark style=\"background-color:rgba(0, 0, 0, 0)\" class=\"has-inline-color has-vivid-cyan-blue-color\">Dimanche apr\u00e8s-midi<\/mark><\/strong><\/a><a href=\"https:\/\/www.liegenatation.be\/Web\/wp-content\/uploads\/2025\/03\/Dimanche-apres-midi.pdf\" class=\"wp-block-file__button wp-element-button\" download aria-describedby=\"wp-block-file--media-79d22dd3-b3a0-423c-9a10-503b704a653a\">T\u00e9l\u00e9charger<\/a><\/div>\n\n\n\n<div class=\"wp-block-file\"><a id=\"wp-block-file--media-9dfd4dbd-45e3-48a5-83eb-330246af0a34\" href=\"https:\/\/www.liegenatation.be\/Web\/wp-content\/uploads\/2025\/04\/GPV-Seraing-2025-Resultats-complets.pdf\" target=\"_blank\" rel=\"noreferrer noopener\"><strong><mark style=\"background-color:rgba(0, 0, 0, 0)\" class=\"has-inline-color has-vivid-cyan-blue-color\">R\u00e9sultats complets<\/mark><\/strong><\/a><a href=\"https:\/\/www.liegenatation.be\/Web\/wp-content\/uploads\/2025\/04\/GPV-Seraing-2025-Resultats-complets.pdf\" class=\"wp-block-file__button wp-element-button\" download aria-describedby=\"wp-block-file--media-9dfd4dbd-45e3-48a5-83eb-330246af0a34\">T\u00e9l\u00e9charger<\/a><\/div>\n\n\n\n<div style=\"height:50px\" aria-hidden=\"true\" class=\"wp-block-spacer\"><\/div>\n\n\n\n<p style=\"font-size:28px\"><mark class=\"has-inline-color has-vivid-red-color\" style=\"background-color: rgba(0, 0, 0, 0);\"><strong>Edinburgh International Swim Meet (14-16\/3)<\/strong><\/mark><\/p>\n\n\n\n<p style=\"font-size:16px\"><mark style=\"background-color: rgba(0, 0, 0, 0)\" class=\"has-inline-color has-black-color\">Voici les r\u00e9sultats de nos 7 nageurs engag\u00e9s ce week-end \u00e0 Edimbourg.<\/mark><\/p>\n\n\n\n<div class=\"wp-block-file\"><a id=\"wp-block-file--media-719220ab-b90b-44d0-8830-e0881eb0fdfc\" href=\"https:\/\/www.liegenatation.be\/Web\/wp-content\/uploads\/2025\/03\/Vendredi-matin-qualifications.pdf\" target=\"_blank\" rel=\"noreferrer noopener\"><strong><mark style=\"background-color:rgba(0, 0, 0, 0)\" class=\"has-inline-color has-vivid-cyan-blue-color\">Vendredi matin qualifications<\/mark><\/strong><\/a><a href=\"https:\/\/www.liegenatation.be\/Web\/wp-content\/uploads\/2025\/03\/Vendredi-matin-qualifications.pdf\" class=\"wp-block-file__button wp-element-button\" download aria-describedby=\"wp-block-file--media-719220ab-b90b-44d0-8830-e0881eb0fdfc\">T\u00e9l\u00e9charger<\/a><\/div>\n\n\n\n<p><\/p>\n\n\n\n<div class=\"wp-block-file\"><a id=\"wp-block-file--media-ee9b4fca-dd75-432c-95f5-6959d5ace427\" href=\"https:\/\/www.liegenatation.be\/Web\/wp-content\/uploads\/2025\/03\/Vendredi-apres-midi-qualifications.pdf\" target=\"_blank\" rel=\"noreferrer noopener\"><strong><mark style=\"background-color:rgba(0, 0, 0, 0)\" class=\"has-inline-color has-vivid-cyan-blue-color\">Vendredi apr\u00e8s-midi qualifications<\/mark><\/strong><\/a><a href=\"https:\/\/www.liegenatation.be\/Web\/wp-content\/uploads\/2025\/03\/Vendredi-apres-midi-qualifications.pdf\" class=\"wp-block-file__button wp-element-button\" download aria-describedby=\"wp-block-file--media-ee9b4fca-dd75-432c-95f5-6959d5ace427\">T\u00e9l\u00e9charger<\/a><\/div>\n\n\n\n<p><\/p>\n\n\n\n<div class=\"wp-block-file\"><a id=\"wp-block-file--media-94192554-1068-424c-867e-7c407d976e11\" href=\"https:\/\/www.liegenatation.be\/Web\/wp-content\/uploads\/2025\/03\/Vendredi-soir-finales.pdf\" target=\"_blank\" rel=\"noreferrer noopener\"><strong><mark style=\"background-color:rgba(0, 0, 0, 0)\" class=\"has-inline-color has-vivid-cyan-blue-color\">Vendredi soir finales<\/mark><\/strong><\/a><a href=\"https:\/\/www.liegenatation.be\/Web\/wp-content\/uploads\/2025\/03\/Vendredi-soir-finales.pdf\" class=\"wp-block-file__button wp-element-button\" download aria-describedby=\"wp-block-file--media-94192554-1068-424c-867e-7c407d976e11\">T\u00e9l\u00e9charger<\/a><\/div>\n\n\n\n<div class=\"wp-block-file\"><a id=\"wp-block-file--media-4b096d6a-a4ca-48ba-a1de-59843150a6ff\" href=\"https:\/\/www.liegenatation.be\/Web\/wp-content\/uploads\/2025\/03\/Samedi-matin-qualifications.pdf\" target=\"_blank\" rel=\"noreferrer noopener\"><mark style=\"background-color:rgba(0, 0, 0, 0)\" class=\"has-inline-color has-vivid-cyan-blue-color\"><strong>Samedi matin qualifications<\/strong><\/mark><\/a><a href=\"https:\/\/www.liegenatation.be\/Web\/wp-content\/uploads\/2025\/03\/Samedi-matin-qualifications.pdf\" class=\"wp-block-file__button wp-element-button\" download aria-describedby=\"wp-block-file--media-4b096d6a-a4ca-48ba-a1de-59843150a6ff\">T\u00e9l\u00e9charger<\/a><\/div>\n\n\n\n<div class=\"wp-block-file\"><a id=\"wp-block-file--media-4c700eeb-5532-4daa-aa89-d9fe693f45f3\" href=\"https:\/\/www.liegenatation.be\/Web\/wp-content\/uploads\/2025\/03\/Samedi-apres-midi-qualifications.pdf\" target=\"_blank\" rel=\"noreferrer noopener\"><strong><mark style=\"background-color:rgba(0, 0, 0, 0)\" class=\"has-inline-color has-vivid-cyan-blue-color\">Samedi apr\u00e8s-midi qualifications<\/mark><\/strong><\/a><a href=\"https:\/\/www.liegenatation.be\/Web\/wp-content\/uploads\/2025\/03\/Samedi-apres-midi-qualifications.pdf\" class=\"wp-block-file__button wp-element-button\" download aria-describedby=\"wp-block-file--media-4c700eeb-5532-4daa-aa89-d9fe693f45f3\">T\u00e9l\u00e9charger<\/a><\/div>\n\n\n\n<div class=\"wp-block-file\"><a id=\"wp-block-file--media-ec370856-e74e-4b5c-8da7-bebcfe0a1637\" href=\"https:\/\/www.liegenatation.be\/Web\/wp-content\/uploads\/2025\/03\/Samedi-soir-finales.pdf\" target=\"_blank\" rel=\"noreferrer noopener\"><strong><mark style=\"background-color:rgba(0, 0, 0, 0)\" class=\"has-inline-color has-vivid-cyan-blue-color\">Samedi soir finales<\/mark><\/strong><\/a><a href=\"https:\/\/www.liegenatation.be\/Web\/wp-content\/uploads\/2025\/03\/Samedi-soir-finales.pdf\" class=\"wp-block-file__button wp-element-button\" download aria-describedby=\"wp-block-file--media-ec370856-e74e-4b5c-8da7-bebcfe0a1637\">T\u00e9l\u00e9charger<\/a><\/div>\n\n\n\n<div class=\"wp-block-file\"><a id=\"wp-block-file--media-92035342-7b63-4c7b-a1bd-750d2657458b\" href=\"https:\/\/www.liegenatation.be\/Web\/wp-content\/uploads\/2025\/03\/Dimanche-matin-qualifications.pdf\" target=\"_blank\" rel=\"noreferrer noopener\"><strong><mark style=\"background-color:rgba(0, 0, 0, 0)\" class=\"has-inline-color has-vivid-cyan-blue-color\">Dimanche matin qualifications<\/mark><\/strong><\/a><a href=\"https:\/\/www.liegenatation.be\/Web\/wp-content\/uploads\/2025\/03\/Dimanche-matin-qualifications.pdf\" class=\"wp-block-file__button wp-element-button\" download aria-describedby=\"wp-block-file--media-92035342-7b63-4c7b-a1bd-750d2657458b\">T\u00e9l\u00e9charger<\/a><\/div>\n\n\n\n<div class=\"wp-block-file\"><a id=\"wp-block-file--media-81787366-e119-4654-9528-69b0ea896d52\" href=\"https:\/\/www.liegenatation.be\/Web\/wp-content\/uploads\/2025\/03\/Dimanche-apres-midi-qualifications.pdf\" target=\"_blank\" rel=\"noreferrer noopener\"><strong><mark style=\"background-color:rgba(0, 0, 0, 0)\" class=\"has-inline-color has-vivid-cyan-blue-color\">Dimanche apr\u00e8s-midi qualifications<\/mark><\/strong><\/a><a href=\"https:\/\/www.liegenatation.be\/Web\/wp-content\/uploads\/2025\/03\/Dimanche-apres-midi-qualifications.pdf\" class=\"wp-block-file__button wp-element-button\" download aria-describedby=\"wp-block-file--media-81787366-e119-4654-9528-69b0ea896d52\">T\u00e9l\u00e9charger<\/a><\/div>\n\n\n\n<div class=\"wp-block-file\"><a id=\"wp-block-file--media-724dc3c2-82ed-408c-9f5e-4a4443e7017f\" href=\"https:\/\/www.liegenatation.be\/Web\/wp-content\/uploads\/2025\/03\/Dimanche-soir-finales.pdf\" target=\"_blank\" rel=\"noreferrer noopener\"><strong><mark style=\"background-color:rgba(0, 0, 0, 0)\" class=\"has-inline-color has-vivid-cyan-blue-color\">Dimanche soir finales<\/mark><\/strong><\/a><a href=\"https:\/\/www.liegenatation.be\/Web\/wp-content\/uploads\/2025\/03\/Dimanche-soir-finales.pdf\" class=\"wp-block-file__button wp-element-button\" download aria-describedby=\"wp-block-file--media-724dc3c2-82ed-408c-9f5e-4a4443e7017f\">T\u00e9l\u00e9charger<\/a><\/div>\n\n\n\n<div style=\"height:50px\" aria-hidden=\"true\" class=\"wp-block-spacer\"><\/div>\n\n\n\n<p style=\"font-size:28px\"><mark class=\"has-inline-color has-vivid-red-color\" style=\"background-color: rgba(0, 0, 0, 0);\"><strong>Championnats Francophones Open (15 et 16\/2)<\/strong><\/mark><\/p>\n\n\n\n<p style=\"font-size:16px\"><mark style=\"background-color: rgba(0, 0, 0, 0)\" class=\"has-inline-color has-black-color\">Deux semaines apr\u00e8s les Championnats Francophones Jeunes, ce sont les Championnats Francophones Open qui se sont disput\u00e9s en ce week-end de Saint-Valentin. C&#8217;est la piscine de Charleroi qui accueillait les \u00e9preuves.<\/mark><\/p>\n\n\n\n<p style=\"font-size: 16px;\"><mark class=\"has-inline-color has-black-color\" style=\"background-color: rgba(0, 0, 0, 0);\">Voici les r\u00e9sultats:<\/mark><\/p>\n\n\n\n<div class=\"wp-block-file\"><a id=\"wp-block-file--media-80ca8814-625c-47c7-a7dd-0fcaad2bf7f5\" href=\"https:\/\/www.liegenatation.be\/Web\/wp-content\/uploads\/2025\/02\/Samedi-matin.pdf\" target=\"_blank\" rel=\"noreferrer noopener\"><mark style=\"background-color:rgba(0, 0, 0, 0)\" class=\"has-inline-color has-vivid-cyan-blue-color\"><strong>Samedi matin<\/strong><\/mark><\/a><a href=\"https:\/\/www.liegenatation.be\/Web\/wp-content\/uploads\/2025\/02\/Samedi-matin.pdf\" class=\"wp-block-file__button wp-element-button\" download aria-describedby=\"wp-block-file--media-80ca8814-625c-47c7-a7dd-0fcaad2bf7f5\">T\u00e9l\u00e9charger<\/a><\/div>\n\n\n\n<div class=\"wp-block-file\"><a id=\"wp-block-file--media-8feaea57-bfa8-4715-801f-608e5e23b797\" href=\"https:\/\/www.liegenatation.be\/Web\/wp-content\/uploads\/2025\/02\/Samedi-apres-midi.pdf\" target=\"_blank\" rel=\"noreferrer noopener\"><strong><mark style=\"background-color:rgba(0, 0, 0, 0)\" class=\"has-inline-color has-vivid-cyan-blue-color\">Samedi apr\u00e8s-midi<\/mark><\/strong><\/a><a href=\"https:\/\/www.liegenatation.be\/Web\/wp-content\/uploads\/2025\/02\/Samedi-apres-midi.pdf\" class=\"wp-block-file__button wp-element-button\" download aria-describedby=\"wp-block-file--media-8feaea57-bfa8-4715-801f-608e5e23b797\">T\u00e9l\u00e9charger<\/a><\/div>\n\n\n\n<div class=\"wp-block-file\"><a id=\"wp-block-file--media-a4fecfeb-962d-4b92-bbc8-4771718c63d7\" href=\"https:\/\/www.liegenatation.be\/Web\/wp-content\/uploads\/2025\/02\/Dimanche-matin.pdf\" target=\"_blank\" rel=\"noreferrer noopener\"><strong><mark style=\"background-color:rgba(0, 0, 0, 0)\" class=\"has-inline-color has-vivid-cyan-blue-color\">Dimanche matin<\/mark><\/strong><\/a><a href=\"https:\/\/www.liegenatation.be\/Web\/wp-content\/uploads\/2025\/02\/Dimanche-matin.pdf\" class=\"wp-block-file__button wp-element-button\" download aria-describedby=\"wp-block-file--media-a4fecfeb-962d-4b92-bbc8-4771718c63d7\">T\u00e9l\u00e9charger<\/a><\/div>\n\n\n\n<div class=\"wp-block-file\"><a id=\"wp-block-file--media-d67ab0b4-3354-4d0b-b0f0-c9db9d986cbf\" href=\"https:\/\/www.liegenatation.be\/Web\/wp-content\/uploads\/2025\/02\/Dimanche-apres-midi.pdf\" target=\"_blank\" rel=\"noreferrer noopener\"><strong><mark style=\"background-color:rgba(0, 0, 0, 0)\" class=\"has-inline-color has-vivid-cyan-blue-color\">Dimanche apr\u00e8s-midi<\/mark><\/strong><\/a><a href=\"https:\/\/www.liegenatation.be\/Web\/wp-content\/uploads\/2025\/02\/Dimanche-apres-midi.pdf\" class=\"wp-block-file__button wp-element-button\" download aria-describedby=\"wp-block-file--media-d67ab0b4-3354-4d0b-b0f0-c9db9d986cbf\">T\u00e9l\u00e9charger<\/a><\/div>\n\n\n\n<div class=\"wp-block-file\"><a id=\"wp-block-file--media-69125169-e8d9-4a0e-aa66-f6c116d518ea\" href=\"https:\/\/www.liegenatation.be\/Web\/wp-content\/uploads\/2025\/02\/resultats-CFO.pdf\" target=\"_blank\" rel=\"noreferrer noopener\"><strong><mark style=\"background-color:rgba(0, 0, 0, 0)\" class=\"has-inline-color has-vivid-cyan-blue-color\">R\u00e9sultats LGN<\/mark><\/strong><\/a><a href=\"https:\/\/www.liegenatation.be\/Web\/wp-content\/uploads\/2025\/02\/resultats-CFO.pdf\" class=\"wp-block-file__button wp-element-button\" download aria-describedby=\"wp-block-file--media-69125169-e8d9-4a0e-aa66-f6c116d518ea\">T\u00e9l\u00e9charger<\/a><\/div>\n\n\n\n<div style=\"height:50px\" aria-hidden=\"true\" class=\"wp-block-spacer\"><\/div>\n\n\n\n<p style=\"font-size: 28px;\"><mark class=\"has-inline-color has-vivid-red-color\" style=\"background-color: rgba(0, 0, 0, 0);\"><strong>Non licenci\u00e9s \u00e0 Saint-Georges (9\/2)<\/strong><\/mark><\/p>\n\n\n\n<p>La 2e manche du Challenge des non licenci\u00e9s s&#8217;est disput\u00e9e dimanche \u00e0 Saint-Georges. Voici les r\u00e9sultats:<\/p>\n\n\n\n<div class=\"wp-block-file\"><a id=\"wp-block-file--media-caa5a88e-48bf-40e4-aa47-4e765e708c3c\" href=\"https:\/\/www.liegenatation.be\/Web\/wp-content\/uploads\/2025\/02\/Resultats-manche2.pdf\" target=\"_blank\" rel=\"noreferrer noopener\"><strong><mark style=\"background-color:rgba(0, 0, 0, 0)\" class=\"has-inline-color has-vivid-cyan-blue-color\">R\u00e9sultats manche 2<\/mark><\/strong><\/a><a href=\"https:\/\/www.liegenatation.be\/Web\/wp-content\/uploads\/2025\/02\/Resultats-manche2.pdf\" class=\"wp-block-file__button wp-element-button\" download aria-describedby=\"wp-block-file--media-caa5a88e-48bf-40e4-aa47-4e765e708c3c\">T\u00e9l\u00e9charger<\/a><\/div>\n\n\n\n<div class=\"wp-block-file\"><a id=\"wp-block-file--media-03f4afe0-34cc-4b66-a8ab-680b38095ee4\" href=\"https:\/\/www.liegenatation.be\/Web\/wp-content\/uploads\/2025\/02\/Progression-LGN.pdf\" target=\"_blank\" rel=\"noreferrer noopener\"><mark style=\"background-color:rgba(0, 0, 0, 0)\" class=\"has-inline-color has-vivid-cyan-blue-color\"><strong>Progression LGN<\/strong><\/mark><\/a><a href=\"https:\/\/www.liegenatation.be\/Web\/wp-content\/uploads\/2025\/02\/Progression-LGN.pdf\" class=\"wp-block-file__button wp-element-button\" download aria-describedby=\"wp-block-file--media-03f4afe0-34cc-4b66-a8ab-680b38095ee4\">T\u00e9l\u00e9charger<\/a><\/div>\n\n\n\n<div style=\"height:50px\" aria-hidden=\"true\" class=\"wp-block-spacer\"><\/div>\n\n\n\n\n\n<p style=\"font-size:28px\"><mark class=\"has-inline-color has-vivid-red-color\" style=\"background-color: rgba(0, 0, 0, 0);\"><strong>Grand Prix de la R\u00e9gularit\u00e9 \u00e0 Verviers (9\/2)<\/strong><\/mark><\/p>\n\n\n\n<p style=\"font-size:16px\">En remplacement du Challenge George, 24 jeunes \u00e9taient engag\u00e9s au Grand Prix de la R\u00e9gularit\u00e9 et Coupe Jean Defrance \u00e0 Verviers.<\/p>\n\n\n\n<div class=\"wp-block-file\"><a id=\"wp-block-file--media-36419c53-9e6b-4003-95cc-15fae80344bb\" href=\"https:\/\/www.liegenatation.be\/Web\/wp-content\/uploads\/2025\/02\/Resultats-LGN-au-grand-prix-de-la-regularite-a-Verviers.pdf\" target=\"_blank\" rel=\"noreferrer noopener\"><mark style=\"background-color:rgba(0, 0, 0, 0)\" class=\"has-inline-color has-vivid-cyan-blue-color\"><strong>R\u00e9sultats LGN<\/strong><\/mark> <\/a><a href=\"https:\/\/www.liegenatation.be\/Web\/wp-content\/uploads\/2025\/02\/Resultats-LGN-au-grand-prix-de-la-regularite-a-Verviers.pdf\" class=\"wp-block-file__button wp-element-button\" download aria-describedby=\"wp-block-file--media-36419c53-9e6b-4003-95cc-15fae80344bb\">T\u00e9l\u00e9charger<\/a><\/div>\n\n\n\n<div style=\"height:50px\" aria-hidden=\"true\" class=\"wp-block-spacer\"><\/div>\n\n\n\n<p style=\"font-size:28px\"><mark style=\"background-color:rgba(0, 0, 0, 0)\" class=\"has-inline-color has-vivid-red-color\"><strong>Championnats N\u00e9erlandophones (7-8-9\/2)<\/strong><\/mark><\/p>\n\n\n\n<p style=\"font-size:16px\"><mark style=\"background-color: rgba(0, 0, 0, 0)\" class=\"has-inline-color has-black-color\">C&#8217;est avec une d\u00e9l\u00e9gation de 5 gar\u00e7ons que nous nous sommes d\u00e9plac\u00e9s \u00e0 Anvers pour les Flanders. L&#8217;occasion pour Matt\u00e9o Magremanne de faire sa premi\u00e8re comp\u00e9tition sous ses nouvelles couleurs.<\/mark><\/p>\n\n\n\n<div class=\"wp-block-file\"><a id=\"wp-block-file--media-380ec25d-050a-42d6-9067-ec7831ff94a2\" href=\"https:\/\/www.liegenatation.be\/Web\/wp-content\/uploads\/2025\/02\/Vendredi-matin-qualifications.pdf\" target=\"_blank\" rel=\"noreferrer noopener\"><mark style=\"background-color:rgba(0, 0, 0, 0)\" class=\"has-inline-color has-vivid-cyan-blue-color\"><strong>Vendredi matin qualifications<\/strong><\/mark><\/a><a href=\"https:\/\/www.liegenatation.be\/Web\/wp-content\/uploads\/2025\/02\/Vendredi-matin-qualifications.pdf\" class=\"wp-block-file__button wp-element-button\" download aria-describedby=\"wp-block-file--media-380ec25d-050a-42d6-9067-ec7831ff94a2\">T\u00e9l\u00e9charger<\/a><\/div>\n\n\n\n<div class=\"wp-block-file\"><a id=\"wp-block-file--media-0cf78bb5-d32a-43e4-8f3e-fd5999543221\" href=\"https:\/\/www.liegenatation.be\/Web\/wp-content\/uploads\/2025\/02\/Vendredi-apres-midi-finales-C.pdf\" target=\"_blank\" rel=\"noreferrer noopener\"><mark style=\"background-color:rgba(0, 0, 0, 0)\" class=\"has-inline-color has-vivid-cyan-blue-color\"><strong>Vendredi apr\u00e8s-midi finales C<\/strong><\/mark><\/a><a href=\"https:\/\/www.liegenatation.be\/Web\/wp-content\/uploads\/2025\/02\/Vendredi-apres-midi-finales-C.pdf\" class=\"wp-block-file__button wp-element-button\" download aria-describedby=\"wp-block-file--media-0cf78bb5-d32a-43e4-8f3e-fd5999543221\">T\u00e9l\u00e9charger<\/a><\/div>\n\n\n\n<div class=\"wp-block-file\"><a id=\"wp-block-file--media-2150477c-9242-47e4-891e-6f83f19d46e9\" href=\"https:\/\/www.liegenatation.be\/Web\/wp-content\/uploads\/2025\/02\/Finales-A-et-B.pdf\" target=\"_blank\" rel=\"noreferrer noopener\"><mark style=\"background-color:rgba(0, 0, 0, 0)\" class=\"has-inline-color has-vivid-cyan-blue-color\"><strong>Vendredi soir finales A et B<\/strong><\/mark><\/a><a href=\"https:\/\/www.liegenatation.be\/Web\/wp-content\/uploads\/2025\/02\/Finales-A-et-B.pdf\" class=\"wp-block-file__button wp-element-button\" download aria-describedby=\"wp-block-file--media-2150477c-9242-47e4-891e-6f83f19d46e9\">T\u00e9l\u00e9charger<\/a><\/div>\n\n\n\n<div class=\"wp-block-file\"><a id=\"wp-block-file--media-f5bd0c26-8e97-460e-89f6-56de45854572\" href=\"https:\/\/www.liegenatation.be\/Web\/wp-content\/uploads\/2025\/02\/Samedi-matin-qualifications.pdf\" target=\"_blank\" rel=\"noreferrer noopener\"><strong><mark style=\"background-color:rgba(0, 0, 0, 0)\" class=\"has-inline-color has-vivid-cyan-blue-color\">Samedi matin qualifications<\/mark><\/strong><\/a><a href=\"https:\/\/www.liegenatation.be\/Web\/wp-content\/uploads\/2025\/02\/Samedi-matin-qualifications.pdf\" class=\"wp-block-file__button wp-element-button\" download aria-describedby=\"wp-block-file--media-f5bd0c26-8e97-460e-89f6-56de45854572\">T\u00e9l\u00e9charger<\/a><\/div>\n\n\n\n<div class=\"wp-block-file\"><a id=\"wp-block-file--media-31872440-6b18-4db7-9996-68f0ea1d5d0a\" href=\"https:\/\/www.liegenatation.be\/Web\/wp-content\/uploads\/2025\/02\/Samedi-apres-midi-Finales-C.pdf\" target=\"_blank\" rel=\"noreferrer noopener\"><strong><mark style=\"background-color:rgba(0, 0, 0, 0)\" class=\"has-inline-color has-vivid-cyan-blue-color\">Samedi apr\u00e8s-midi finales C<\/mark><\/strong><\/a><a href=\"https:\/\/www.liegenatation.be\/Web\/wp-content\/uploads\/2025\/02\/Samedi-apres-midi-Finales-C.pdf\" class=\"wp-block-file__button wp-element-button\" download aria-describedby=\"wp-block-file--media-31872440-6b18-4db7-9996-68f0ea1d5d0a\">T\u00e9l\u00e9charger<\/a><\/div>\n\n\n\n<div class=\"wp-block-file\"><a id=\"wp-block-file--media-f54df817-4281-4129-83be-5dd759d8d984\" href=\"https:\/\/www.liegenatation.be\/Web\/wp-content\/uploads\/2025\/02\/Samedi-soir-Finales-A-et-B.pdf\" target=\"_blank\" rel=\"noreferrer noopener\"><strong><mark style=\"background-color:rgba(0, 0, 0, 0)\" class=\"has-inline-color has-vivid-cyan-blue-color\">Samedi soir finales A et B<\/mark><\/strong><\/a><a href=\"https:\/\/www.liegenatation.be\/Web\/wp-content\/uploads\/2025\/02\/Samedi-soir-Finales-A-et-B.pdf\" class=\"wp-block-file__button wp-element-button\" download aria-describedby=\"wp-block-file--media-f54df817-4281-4129-83be-5dd759d8d984\">T\u00e9l\u00e9charger<\/a><\/div>\n\n\n\n<div class=\"wp-block-file\"><a id=\"wp-block-file--media-6dd51639-4c04-45ac-8aca-da26b90f07dd\" href=\"https:\/\/www.liegenatation.be\/Web\/wp-content\/uploads\/2025\/02\/Dimanche-matin-qualifications.pdf\" target=\"_blank\" rel=\"noreferrer noopener\"><strong><mark style=\"background-color:rgba(0, 0, 0, 0)\" class=\"has-inline-color has-vivid-cyan-blue-color\">Dimanche matin qualifications<\/mark><\/strong><\/a><a href=\"https:\/\/www.liegenatation.be\/Web\/wp-content\/uploads\/2025\/02\/Dimanche-matin-qualifications.pdf\" class=\"wp-block-file__button wp-element-button\" download aria-describedby=\"wp-block-file--media-6dd51639-4c04-45ac-8aca-da26b90f07dd\">T\u00e9l\u00e9charger<\/a><\/div>\n\n\n\n<div class=\"wp-block-file\"><a id=\"wp-block-file--media-de0803bd-cf88-4dfb-9423-64f406378416\" href=\"https:\/\/www.liegenatation.be\/Web\/wp-content\/uploads\/2025\/02\/Dimanche-apres-midi-finales-C.pdf\" target=\"_blank\" rel=\"noreferrer noopener\"><mark style=\"background-color:rgba(0, 0, 0, 0)\" class=\"has-inline-color has-vivid-cyan-blue-color\"><strong>Dimanche apr\u00e8s-midi finales C<\/strong><\/mark><\/a><a href=\"https:\/\/www.liegenatation.be\/Web\/wp-content\/uploads\/2025\/02\/Dimanche-apres-midi-finales-C.pdf\" class=\"wp-block-file__button wp-element-button\" download aria-describedby=\"wp-block-file--media-de0803bd-cf88-4dfb-9423-64f406378416\">T\u00e9l\u00e9charger<\/a><\/div>\n\n\n\n<div class=\"wp-block-file\"><a id=\"wp-block-file--media-0d23dc04-2f00-4915-bd2b-9d824b74301f\" href=\"https:\/\/www.liegenatation.be\/Web\/wp-content\/uploads\/2025\/02\/Dimanche-apres-midi-finales-A-et-B.pdf\" target=\"_blank\" rel=\"noreferrer noopener\"><mark style=\"background-color:rgba(0, 0, 0, 0)\" class=\"has-inline-color has-vivid-cyan-blue-color\"><strong>Dimanche soir finales A et B<\/strong><\/mark><\/a><a href=\"https:\/\/www.liegenatation.be\/Web\/wp-content\/uploads\/2025\/02\/Dimanche-apres-midi-finales-A-et-B.pdf\" class=\"wp-block-file__button wp-element-button\" download aria-describedby=\"wp-block-file--media-0d23dc04-2f00-4915-bd2b-9d824b74301f\">T\u00e9l\u00e9charger<\/a><\/div>\n\n\n\n<div class=\"wp-block-file\"><a id=\"wp-block-file--media-9946f6e9-5732-45d2-afe0-1becddc4ac72\" href=\"https:\/\/www.liegenatation.be\/Web\/wp-content\/uploads\/2025\/02\/Resultats-LGN-au-Flanders.pdf\" target=\"_blank\" rel=\"noreferrer noopener\"><mark style=\"background-color:rgba(0, 0, 0, 0)\" class=\"has-inline-color has-vivid-cyan-blue-color\"><strong>R\u00e9sultats LGN<\/strong><\/mark><\/a><a href=\"https:\/\/www.liegenatation.be\/Web\/wp-content\/uploads\/2025\/02\/Resultats-LGN-au-Flanders.pdf\" class=\"wp-block-file__button wp-element-button\" download aria-describedby=\"wp-block-file--media-9946f6e9-5732-45d2-afe0-1becddc4ac72\">T\u00e9l\u00e9charger<\/a><\/div>\n\n\n\n<p><\/p>\n\n\n\n<div style=\"height:50px\" aria-hidden=\"true\" class=\"wp-block-spacer\"><\/div>\n\n\n\n<p style=\"font-size:28px\"><mark class=\"has-inline-color has-vivid-red-color\" style=\"background-color: rgba(0, 0, 0, 0);\"><strong>Championnats Francophones Jeunes (1-2\/2)<\/strong><\/mark><\/p>\n\n\n\n<p style=\"font-size:16px\"><mark style=\"background-color:rgba(0, 0, 0, 0)\" class=\"has-inline-color has-black-color\">Les deux premiers jours de ce mois de f\u00e9vrier \u00e9taient consacr\u00e9s aux Championnats Francophones Jeunes dans le bassin louvi\u00e9rois. Nos nageurs ont ramen\u00e9 19 m\u00e9dailles d&#8217;or (dont 4 pour les relais), 14 d&#8217;argent et 5 de bronze.<\/mark><\/p>\n\n\n\n<p style=\"font-size:16px\"><mark style=\"background-color:rgba(0, 0, 0, 0)\" class=\"has-inline-color has-black-color\">Voici les r\u00e9sultats.<\/mark><\/p>\n\n\n\n<div class=\"wp-block-file\"><a id=\"wp-block-file--media-37955aa2-1105-4455-a1c7-a7631abd74e7\" href=\"https:\/\/www.liegenatation.be\/Web\/wp-content\/uploads\/2025\/02\/Resultats-samedi-matin.pdf\" target=\"_blank\" rel=\"noreferrer noopener\"><mark style=\"background-color:rgba(0, 0, 0, 0)\" class=\"has-inline-color has-vivid-cyan-blue-color\"><strong>R\u00e9sultats samedi matin<\/strong><\/mark><\/a><a href=\"https:\/\/www.liegenatation.be\/Web\/wp-content\/uploads\/2025\/02\/Resultats-samedi-matin.pdf\" class=\"wp-block-file__button wp-element-button\" download aria-describedby=\"wp-block-file--media-37955aa2-1105-4455-a1c7-a7631abd74e7\">T\u00e9l\u00e9charger<\/a><\/div>\n\n\n\n<div class=\"wp-block-file\"><a id=\"wp-block-file--media-7be12c8a-742e-4486-9bd9-ea7490402d29\" href=\"https:\/\/www.liegenatation.be\/Web\/wp-content\/uploads\/2025\/02\/Resultats-samedi-apres-midi.pdf\" target=\"_blank\" rel=\"noreferrer noopener\"><strong><mark style=\"background-color:rgba(0, 0, 0, 0)\" class=\"has-inline-color has-vivid-cyan-blue-color\">R\u00e9sultats samedi apr\u00e8s-midi<\/mark><\/strong><\/a><a href=\"https:\/\/www.liegenatation.be\/Web\/wp-content\/uploads\/2025\/02\/Resultats-samedi-apres-midi.pdf\" class=\"wp-block-file__button wp-element-button\" download aria-describedby=\"wp-block-file--media-7be12c8a-742e-4486-9bd9-ea7490402d29\">T\u00e9l\u00e9charger<\/a><\/div>\n\n\n\n<div class=\"wp-block-file\"><a id=\"wp-block-file--media-c9835c1b-31c1-4fa8-bce5-3e4c62ca0868\" href=\"https:\/\/www.liegenatation.be\/Web\/wp-content\/uploads\/2025\/02\/Resultats-dimanche-matin.pdf\" target=\"_blank\" rel=\"noreferrer noopener\"><strong><mark style=\"background-color:rgba(0, 0, 0, 0)\" class=\"has-inline-color has-vivid-cyan-blue-color\">R\u00e9sultats dimanche matin<\/mark><\/strong><\/a><a href=\"https:\/\/www.liegenatation.be\/Web\/wp-content\/uploads\/2025\/02\/Resultats-dimanche-matin.pdf\" class=\"wp-block-file__button wp-element-button\" download aria-describedby=\"wp-block-file--media-c9835c1b-31c1-4fa8-bce5-3e4c62ca0868\">T\u00e9l\u00e9charger<\/a><\/div>\n\n\n\n<div class=\"wp-block-file\"><a id=\"wp-block-file--media-a4d444b1-76b2-4e2a-ab0e-fea34185b97c\" href=\"https:\/\/www.liegenatation.be\/Web\/wp-content\/uploads\/2025\/02\/Resultats-dimanche-apres-midi.pdf\" target=\"_blank\" rel=\"noreferrer noopener\"><strong><mark style=\"background-color:rgba(0, 0, 0, 0)\" class=\"has-inline-color has-vivid-cyan-blue-color\">R\u00e9sultats dimanche apr\u00e8s-midi<\/mark><\/strong><\/a><a href=\"https:\/\/www.liegenatation.be\/Web\/wp-content\/uploads\/2025\/02\/Resultats-dimanche-apres-midi.pdf\" class=\"wp-block-file__button wp-element-button\" download aria-describedby=\"wp-block-file--media-a4d444b1-76b2-4e2a-ab0e-fea34185b97c\">T\u00e9l\u00e9charger<\/a><\/div>\n\n\n\n<div style=\"height:50px\" aria-hidden=\"true\" class=\"wp-block-spacer\"><\/div>\n\n\n\n<p style=\"font-size:28px\"><strong><mark style=\"background-color:rgba(0, 0, 0, 0)\" class=\"has-inline-color has-vivid-red-color\">Non licenci\u00e9s \u00e0 Wanze (12\/1)<\/mark><\/strong><\/p>\n\n\n\n<p style=\"font-size:16px\"><mark style=\"background-color:rgba(0, 0, 0, 0)\" class=\"has-inline-color has-black-color\">Voici les r\u00e9sultats de la premi\u00e8re journ\u00e9e du Challenge des D\u00e9butants organis\u00e9e ce dimanche \u00e0 Wanze.<\/mark><\/p>\n\n\n\n<div class=\"wp-block-file\"><a id=\"wp-block-file--media-be9cb76a-634b-4f49-81c9-43a00e6d2b49\" href=\"https:\/\/www.liegenatation.be\/Web\/wp-content\/uploads\/2025\/01\/Resultats-1ere-journee-challenge-des-debutants.pdf\" target=\"_blank\" rel=\"noreferrer noopener\"><strong><mark style=\"background-color:rgba(0, 0, 0, 0)\" class=\"has-inline-color has-vivid-cyan-blue-color\">R\u00e9sultats<\/mark><\/strong><\/a><a href=\"https:\/\/www.liegenatation.be\/Web\/wp-content\/uploads\/2025\/01\/Resultats-1ere-journee-challenge-des-debutants.pdf\" class=\"wp-block-file__button wp-element-button\" download aria-describedby=\"wp-block-file--media-be9cb76a-634b-4f49-81c9-43a00e6d2b49\">T\u00e9l\u00e9charger<\/a><\/div>\n\n\n\n<div style=\"height:100px\" aria-hidden=\"true\" class=\"wp-block-spacer\"><\/div>\n\n\n\n<p style=\"font-size:28px\"><strong><mark style=\"background-color:rgba(0, 0, 0, 0)\" class=\"has-inline-color has-vivid-red-color\">H\u00e9lios Trophy \u00e0 Charleroi (11-12\/1)<\/mark><\/strong><\/p>\n\n\n\n<p style=\"font-size:16px\">Cinq de nos nageuses participaient au Not Normal Swim Helios Trophy, ce week-end, \u00e0 Charleroi. Et elles y ont r\u00e9alis\u00e9 de remarquables performances. Laurien Delsaer a notamment r\u00e9ussi les temps minima pour la Comen Cup.<\/p>\n\n\n\n<div class=\"wp-block-file\"><a id=\"wp-block-file--media-f141054e-d7e8-4037-af5f-89a7aa22196f\" href=\"https:\/\/www.liegenatation.be\/Web\/wp-content\/uploads\/2025\/01\/Resultats-du-samedi.pdf\" target=\"_blank\" rel=\"noreferrer noopener\"><strong><mark style=\"background-color:rgba(0, 0, 0, 0)\" class=\"has-inline-color has-vivid-cyan-blue-color\">R\u00e9sultats du samedi<\/mark><\/strong><\/a><a href=\"https:\/\/www.liegenatation.be\/Web\/wp-content\/uploads\/2025\/01\/Resultats-du-samedi.pdf\" class=\"wp-block-file__button wp-element-button\" download aria-describedby=\"wp-block-file--media-f141054e-d7e8-4037-af5f-89a7aa22196f\">T\u00e9l\u00e9charger<\/a><\/div>\n\n\n\n<div class=\"wp-block-file\"><a id=\"wp-block-file--media-ec7705ec-63cd-456c-a30f-05c2d28263db\" href=\"https:\/\/www.liegenatation.be\/Web\/wp-content\/uploads\/2025\/01\/Resultats-du-dimanche.pdf\" target=\"_blank\" rel=\"noreferrer noopener\"><strong><mark style=\"background-color:rgba(0, 0, 0, 0)\" class=\"has-inline-color has-vivid-cyan-blue-color\">R\u00e9sultats du dimanche<\/mark><\/strong><\/a><a href=\"https:\/\/www.liegenatation.be\/Web\/wp-content\/uploads\/2025\/01\/Resultats-du-dimanche.pdf\" class=\"wp-block-file__button wp-element-button\" download aria-describedby=\"wp-block-file--media-ec7705ec-63cd-456c-a30f-05c2d28263db\">T\u00e9l\u00e9charger<\/a><\/div>\n\n\n\n<p><\/p>\n\n\n\n<p><\/p>\n","protected":false},"excerpt":{"rendered":"<p>Challenge des non licenci\u00e9s \u00e0 Ans (12\/4) La 4e manche du Challenge des non licenci\u00e9s s&#8217;est d\u00e9roul\u00e9e \u00e0 Ans, ce dimanche. Voici les r\u00e9sultats. &nbsp; Sprintcup \u00e0 Hannut-Landen (28\/3) Le &hellip; <\/p>\n<p class=\"link-more\"><a href=\"https:\/\/www.liegenatation.be\/Web\/resultats-2025\/\" class=\"more-link\">Continuer la lecture<span class=\"screen-reader-text\"> de &laquo;&nbsp;R\u00e9sultats des comp\u00e9titions 2025 et 2026&nbsp;&raquo;<\/span><\/a><\/p>\n","protected":false},"author":2,"featured_media":0,"parent":0,"menu_order":0,"comment_status":"closed","ping_status":"closed","template":"","meta":{"ngg_post_thumbnail":0,"footnotes":""},"class_list":["post-22908","page","type-page","status-publish","hentry"],"_links":{"self":[{"href":"https:\/\/www.liegenatation.be\/Web\/wp-json\/wp\/v2\/pages\/22908","targetHints":{"allow":["GET"]}}],"collection":[{"href":"https:\/\/www.liegenatation.be\/Web\/wp-json\/wp\/v2\/pages"}],"about":[{"href":"https:\/\/www.liegenatation.be\/Web\/wp-json\/wp\/v2\/types\/page"}],"author":[{"embeddable":true,"href":"https:\/\/www.liegenatation.be\/Web\/wp-json\/wp\/v2\/users\/2"}],"replies":[{"embeddable":true,"href":"https:\/\/www.liegenatation.be\/Web\/wp-json\/wp\/v2\/comments?post=22908"}],"version-history":[{"count":127,"href":"https:\/\/www.liegenatation.be\/Web\/wp-json\/wp\/v2\/pages\/22908\/revisions"}],"predecessor-version":[{"id":24600,"href":"https:\/\/www.liegenatation.be\/Web\/wp-json\/wp\/v2\/pages\/22908\/revisions\/24600"}],"wp:attachment":[{"href":"https:\/\/www.liegenatation.be\/Web\/wp-json\/wp\/v2\/media?parent=22908"}],"curies":[{"name":"wp","href":"https:\/\/api.w.org\/{rel}","templated":true}]}}